{"id":6114,"date":"2018-01-26T12:57:00","date_gmt":"2018-01-26T11:57:00","guid":{"rendered":"http:\/\/nitsculturals.cat\/nitsculturals\/?page_id=6114"},"modified":"2026-01-06T20:52:47","modified_gmt":"2026-01-06T19:52:47","slug":"edicions-anteriors-2","status":"publish","type":"page","link":"https:\/\/nitsculturals.cat\/nitsculturals\/edicions-anteriors-2\/","title":{"rendered":"Edicions 1993-2025"},"content":{"rendered":"<section class=\"l-section wpb_row height_large color_secondary with_img\"><div class=\"l-section-img\" role=\"img\" aria-label=\"Imagen\" data-img-width=\"5472\" data-img-height=\"3648\" style=\"background-image: url(https:\/\/nitsculturals.cat\/nitsculturals\/wp-content\/uploads\/2018\/01\/pexels-photo-462430.jpeg);\"><\/div><div class=\"l-section-overlay\" style=\"background:rgba(30,30,30,0.75)\"><\/div><div class=\"l-section-h i-cf\"><div class=\"g-cols vc_row via_flex valign_top type_default stacking_default\"><div class=\"vc_col-sm-12 wpb_column vc_column_container\"><div class=\"vc_column-inner\"><div class=\"wpb_wrapper\">[vc_custom_heading text=\u00bbEdicions anteriors 1993-2025&#8243; font_container=\u00bbtag:h2|text_align:center\u00bb use_theme_fonts=\u00bbyes\u00bb]<\/div><\/div><\/div><\/div><\/div><\/section><section class=\"l-section wpb_row height_small\"><div class=\"l-section-h i-cf\"><div class=\"g-cols vc_row via_flex valign_middle type_default stacking_default\"><div class=\"vc_col-sm-3 wpb_column vc_column_container\"><div class=\"vc_column-inner\"><div class=\"wpb_wrapper\"><div class=\"wpb_text_column\"><div class=\"wpb_wrapper\"><h5><strong>Any<\/strong><\/h5>\n<\/div><\/div><\/div><\/div><\/div><div class=\"vc_col-sm-3 wpb_column vc_column_container\"><div class=\"vc_column-inner\"><div class=\"wpb_wrapper\"><div class=\"wpb_text_column\"><div class=\"wpb_wrapper\"><h5><strong>Divendres nit<\/strong><\/h5>\n<\/div><\/div><\/div><\/div><\/div><div class=\"vc_col-sm-3 wpb_column vc_column_container\"><div class=\"vc_column-inner\"><div class=\"wpb_wrapper\"><div class=\"wpb_text_column\"><div class=\"wpb_wrapper\"><h5><strong>Dissabte tarda<\/strong><\/h5>\n<\/div><\/div><\/div><\/div><\/div><div class=\"vc_col-sm-3 wpb_column vc_column_container\"><div class=\"vc_column-inner\"><div class=\"wpb_wrapper\"><div class=\"wpb_text_column\"><div class=\"wpb_wrapper\"><h5><strong>Dissabte nit<\/strong><\/h5>\n<\/div><\/div><\/div><\/div><\/div><\/div><\/div><\/section><section class=\"l-section wpb_row height_auto\"><div class=\"l-section-h i-cf\"><div class=\"g-cols vc_row via_flex valign_middle type_default stacking_default\"><div class=\"vc_col-sm-12 wpb_column vc_column_container\"><div class=\"vc_column-inner\"><div class=\"wpb_wrapper\"><div class=\"w-separator size_small with_line width_default thick_2 style_solid color_border align_center\"><div class=\"w-separator-h\"><\/div><\/div><\/div><\/div><\/div><\/div><\/div><\/section><section class=\"l-section wpb_row height_auto\"><div class=\"l-section-h i-cf\"><div class=\"g-cols vc_row via_flex valign_top type_default stacking_default\"><div class=\"vc_col-sm-3 wpb_column vc_column_container\"><div class=\"vc_column-inner\"><div class=\"wpb_wrapper\"><div class=\"g-cols wpb_row via_flex valign_top type_default stacking_default\"><div class=\"vc_col-sm-6 wpb_column vc_column_container\"><div class=\"vc_column-inner\"><div class=\"wpb_wrapper\"><div class=\"wpb_text_column\"><div class=\"wpb_wrapper\"><h3>2025<\/h3>\n<\/div><\/div><\/div><\/div><\/div><div class=\"vc_col-sm-6 wpb_column vc_column_container\"><div class=\"vc_column-inner\"><div class=\"wpb_wrapper\"><div class=\"w-image style_shadow-1 align_center\"><a ref=\"magnificPopup\" href=\"https:\/\/nitsculturals.cat\/nitsculturals\/wp-content\/uploads\/2025\/05\/Portada-Web_NC2025.jpg\" aria-label=\"Portada Web_NC2025\" class=\"w-image-h\"><img decoding=\"async\" width=\"600\" height=\"320\" src=\"https:\/\/nitsculturals.cat\/nitsculturals\/wp-content\/uploads\/2025\/05\/Portada-Web_NC2025-600x320.jpg\" class=\"attachment-us_600_0 size-us_600_0\" alt=\"\" loading=\"lazy\" srcset=\"https:\/\/nitsculturals.cat\/nitsculturals\/wp-content\/uploads\/2025\/05\/Portada-Web_NC2025-600x320.jpg 600w, https:\/\/nitsculturals.cat\/nitsculturals\/wp-content\/uploads\/2025\/05\/Portada-Web_NC2025-300x160.jpg 300w, https:\/\/nitsculturals.cat\/nitsculturals\/wp-content\/uploads\/2025\/05\/Portada-Web_NC2025-1024x546.jpg 1024w, https:\/\/nitsculturals.cat\/nitsculturals\/wp-content\/uploads\/2025\/05\/Portada-Web_NC2025-768x409.jpg 768w, https:\/\/nitsculturals.cat\/nitsculturals\/wp-content\/uploads\/2025\/05\/Portada-Web_NC2025.jpg 1920w\" sizes=\"auto, (max-width: 600px) 100vw, 600px\" \/><\/a><\/div><\/div><\/div><\/div><\/div><\/div><\/div><\/div><div class=\"vc_col-sm-3 wpb_column vc_column_container\"><div class=\"vc_column-inner\"><div class=\"wpb_wrapper\"><div class=\"wpb_text_column\"><div class=\"wpb_wrapper\"><h4>Antoni de Boixadors<\/h4>\n<p><b>Cor Francesc Valls<\/b><\/p>\n<\/div><\/div><\/div><\/div><\/div><div class=\"vc_col-sm-3 wpb_column vc_column_container\"><div class=\"vc_column-inner\"><div class=\"wpb_wrapper\"><div class=\"wpb_text_column\"><div class=\"wpb_wrapper\"><h4><strong>Som i serem<\/strong><\/h4>\n<p><strong>2princesesbarbudes<\/strong><\/p>\n<\/div><\/div><\/div><\/div><\/div><div class=\"vc_col-sm-3 wpb_column vc_column_container\"><div class=\"vc_column-inner\"><div class=\"wpb_wrapper\"><div class=\"wpb_text_column\"><div class=\"wpb_wrapper\"><h4><strong>Rec\u00f3ndita Armon\u00eda<\/strong><\/h4>\n<p><b>Tempus Trio Anna Puig\u00a0<\/b><\/p>\n<\/div><\/div><\/div><\/div><\/div><\/div><\/div><\/section><section class=\"l-section wpb_row height_auto\"><div class=\"l-section-h i-cf\"><div class=\"g-cols vc_row via_flex valign_middle type_default stacking_default\"><div class=\"vc_col-sm-12 wpb_column vc_column_container\"><div class=\"vc_column-inner\"><div class=\"wpb_wrapper\"><div class=\"w-separator size_small with_line width_default thick_2 style_solid color_border align_center\"><div class=\"w-separator-h\"><\/div><\/div><\/div><\/div><\/div><\/div><\/div><\/section><section class=\"l-section wpb_row height_auto\"><div class=\"l-section-h i-cf\"><div class=\"g-cols vc_row via_flex valign_top type_default stacking_default\"><div class=\"vc_col-sm-3 wpb_column vc_column_container\"><div class=\"vc_column-inner\"><div class=\"wpb_wrapper\"><div class=\"g-cols wpb_row via_flex valign_top type_default stacking_default\"><div class=\"vc_col-sm-6 wpb_column vc_column_container\"><div class=\"vc_column-inner\"><div class=\"wpb_wrapper\"><div class=\"wpb_text_column\"><div class=\"wpb_wrapper\"><h4>2024<\/h4>\n<\/div><\/div><\/div><\/div><\/div><div class=\"vc_col-sm-6 wpb_column vc_column_container\"><div class=\"vc_column-inner\"><div class=\"wpb_wrapper\"><div class=\"w-image style_shadow-1 align_center\"><a ref=\"magnificPopup\" href=\"https:\/\/nitsculturals.cat\/nitsculturals\/wp-content\/uploads\/2024\/05\/Portada-Web_NC2024_Mesa-de-trabajo-1-copia.jpg\" aria-label=\"Portada Web_NC2024_Mesa de trabajo 1 copia\" class=\"w-image-h\"><img decoding=\"async\" width=\"600\" height=\"320\" src=\"https:\/\/nitsculturals.cat\/nitsculturals\/wp-content\/uploads\/2024\/05\/Portada-Web_NC2024_Mesa-de-trabajo-1-copia-600x320.jpg\" class=\"attachment-us_600_0 size-us_600_0\" alt=\"\" loading=\"lazy\" srcset=\"https:\/\/nitsculturals.cat\/nitsculturals\/wp-content\/uploads\/2024\/05\/Portada-Web_NC2024_Mesa-de-trabajo-1-copia-600x320.jpg 600w, https:\/\/nitsculturals.cat\/nitsculturals\/wp-content\/uploads\/2024\/05\/Portada-Web_NC2024_Mesa-de-trabajo-1-copia-300x160.jpg 300w, https:\/\/nitsculturals.cat\/nitsculturals\/wp-content\/uploads\/2024\/05\/Portada-Web_NC2024_Mesa-de-trabajo-1-copia-1024x546.jpg 1024w, https:\/\/nitsculturals.cat\/nitsculturals\/wp-content\/uploads\/2024\/05\/Portada-Web_NC2024_Mesa-de-trabajo-1-copia-768x409.jpg 768w, https:\/\/nitsculturals.cat\/nitsculturals\/wp-content\/uploads\/2024\/05\/Portada-Web_NC2024_Mesa-de-trabajo-1-copia.jpg 1920w\" sizes=\"auto, (max-width: 600px) 100vw, 600px\" \/><\/a><\/div><\/div><\/div><\/div><\/div><\/div><\/div><\/div><div class=\"vc_col-sm-3 wpb_column vc_column_container\"><div class=\"vc_column-inner\"><div class=\"wpb_wrapper\"><div class=\"wpb_text_column\"><div class=\"wpb_wrapper\"><h4><strong>Una Shubert\u00edada<\/strong><\/h4>\n<p><b>Cor de la Cambra de Catalunya\u00a0<\/b><\/p>\n<\/div><\/div><\/div><\/div><\/div><div class=\"vc_col-sm-3 wpb_column vc_column_container\"><div class=\"vc_column-inner\"><div class=\"wpb_wrapper\"><div class=\"wpb_text_column\"><div class=\"wpb_wrapper\"><h4><strong>Mozartland<\/strong><\/h4>\n<p><strong>La companyia del Pr\u00edncep Totilau<\/strong><\/p>\n<\/div><\/div><\/div><\/div><\/div><div class=\"vc_col-sm-3 wpb_column vc_column_container\"><div class=\"vc_column-inner\"><div class=\"wpb_wrapper\"><div class=\"wpb_text_column\"><div class=\"wpb_wrapper\"><h4><strong>Recital de contrabaix i piano<\/strong><\/h4>\n<p><b>Escola Catalana del contrabaix\u00a0<\/b><\/p>\n<\/div><\/div><\/div><\/div><\/div><\/div><\/div><\/section><section class=\"l-section wpb_row height_auto\"><div class=\"l-section-h i-cf\"><div class=\"g-cols vc_row via_flex valign_middle type_default stacking_default\"><div class=\"vc_col-sm-12 wpb_column vc_column_container\"><div class=\"vc_column-inner\"><div class=\"wpb_wrapper\"><div class=\"w-separator size_small with_line width_default thick_2 style_solid color_border align_center\"><div class=\"w-separator-h\"><\/div><\/div><\/div><\/div><\/div><\/div><\/div><\/section><section class=\"l-section wpb_row height_auto\"><div class=\"l-section-h i-cf\"><div class=\"g-cols vc_row via_flex valign_top type_default stacking_default\"><div class=\"vc_col-sm-3 wpb_column vc_column_container\"><div class=\"vc_column-inner\"><div class=\"wpb_wrapper\"><div class=\"g-cols wpb_row via_flex valign_top type_default stacking_default\"><div class=\"vc_col-sm-6 wpb_column vc_column_container\"><div class=\"vc_column-inner\"><div class=\"wpb_wrapper\"><div class=\"wpb_text_column\"><div class=\"wpb_wrapper\"><h4>2023<\/h4>\n<\/div><\/div><\/div><\/div><\/div><div class=\"vc_col-sm-6 wpb_column vc_column_container\"><div class=\"vc_column-inner\"><div class=\"wpb_wrapper\"><div class=\"w-image style_shadow-1 align_center\"><a ref=\"magnificPopup\" href=\"https:\/\/nitsculturals.cat\/nitsculturals\/wp-content\/uploads\/2023\/07\/cartell-19x40-NITS-CULTURALS_23-tr-scaled.jpg\" aria-label=\"cartell 19x40 NITS CULTURALS_23 tr\" class=\"w-image-h\"><img decoding=\"async\" width=\"600\" height=\"1250\" src=\"https:\/\/nitsculturals.cat\/nitsculturals\/wp-content\/uploads\/2023\/07\/cartell-19x40-NITS-CULTURALS_23-tr-600x1250.jpg\" class=\"attachment-us_600_0 size-us_600_0\" alt=\"\" loading=\"lazy\" srcset=\"https:\/\/nitsculturals.cat\/nitsculturals\/wp-content\/uploads\/2023\/07\/cartell-19x40-NITS-CULTURALS_23-tr-600x1250.jpg 600w, https:\/\/nitsculturals.cat\/nitsculturals\/wp-content\/uploads\/2023\/07\/cartell-19x40-NITS-CULTURALS_23-tr-144x300.jpg 144w, https:\/\/nitsculturals.cat\/nitsculturals\/wp-content\/uploads\/2023\/07\/cartell-19x40-NITS-CULTURALS_23-tr-492x1024.jpg 492w, https:\/\/nitsculturals.cat\/nitsculturals\/wp-content\/uploads\/2023\/07\/cartell-19x40-NITS-CULTURALS_23-tr-768x1600.jpg 768w, https:\/\/nitsculturals.cat\/nitsculturals\/wp-content\/uploads\/2023\/07\/cartell-19x40-NITS-CULTURALS_23-tr-scaled.jpg 1229w\" sizes=\"auto, (max-width: 600px) 100vw, 600px\" \/><\/a><\/div><\/div><\/div><\/div><\/div><\/div><\/div><\/div><div class=\"vc_col-sm-3 wpb_column vc_column_container\"><div class=\"vc_column-inner\"><div class=\"wpb_wrapper\"><div class=\"wpb_text_column\"><div class=\"wpb_wrapper\"><h4><strong>La Creaci\u00f3<\/strong><\/h4>\n<p><strong>Versi\u00f3 de cambra<\/strong><\/p>\n<\/div><\/div><\/div><\/div><\/div><div class=\"vc_col-sm-3 wpb_column vc_column_container\"><div class=\"vc_column-inner\"><div class=\"wpb_wrapper\"><div class=\"wpb_text_column\"><div class=\"wpb_wrapper\"><h4><strong>Aquafonia, el Concert<\/strong><\/h4>\n<p><strong>A c\u00e0rrec de Pau Elias<\/strong><\/p>\n<\/div><\/div><\/div><\/div><\/div><div class=\"vc_col-sm-3 wpb_column vc_column_container\"><div class=\"vc_column-inner\"><div class=\"wpb_wrapper\"><div class=\"wpb_text_column\"><div class=\"wpb_wrapper\"><h4><strong>30 anys de l\u2019Orquestra Nacional Cl\u00e0ssica d\u2019Andorra<\/strong><\/h4>\n<p><strong>Gerard Claret, <\/strong>concertino director<\/p>\n<p><strong>Commemoraci\u00f3 de 30 anys de Nits Culturals<\/strong><\/p>\n<\/div><\/div><\/div><\/div><\/div><\/div><\/div><\/section><section class=\"l-section wpb_row height_auto\"><div class=\"l-section-h i-cf\"><div class=\"g-cols vc_row via_flex valign_middle type_default stacking_default\"><div class=\"vc_col-sm-12 wpb_column vc_column_container\"><div class=\"vc_column-inner\"><div class=\"wpb_wrapper\"><div class=\"w-separator size_small with_line width_default thick_2 style_solid color_border align_center\"><div class=\"w-separator-h\"><\/div><\/div><\/div><\/div><\/div><\/div><\/div><\/section><section class=\"l-section wpb_row height_auto\"><div class=\"l-section-h i-cf\"><div class=\"g-cols vc_row via_flex valign_top type_default stacking_default\"><div class=\"vc_col-sm-3 wpb_column vc_column_container\"><div class=\"vc_column-inner\"><div class=\"wpb_wrapper\"><div class=\"g-cols wpb_row via_flex valign_top type_default stacking_default\"><div class=\"vc_col-sm-6 wpb_column vc_column_container\"><div class=\"vc_column-inner\"><div class=\"wpb_wrapper\"><div class=\"wpb_text_column\"><div class=\"wpb_wrapper\"><h4>2022<\/h4>\n<\/div><\/div><\/div><\/div><\/div><div class=\"vc_col-sm-6 wpb_column vc_column_container\"><div class=\"vc_column-inner\"><div class=\"wpb_wrapper\"><div class=\"w-image style_shadow-1 align_center\"><a ref=\"magnificPopup\" href=\"https:\/\/nitsculturals.cat\/nitsculturals\/wp-content\/uploads\/2022\/05\/web-cartell_NITS_CULTURALS_2022-scaled.jpg\" aria-label=\"web-cartell_NITS_CULTURALS_2022\" class=\"w-image-h\"><img decoding=\"async\" width=\"600\" height=\"1228\" src=\"https:\/\/nitsculturals.cat\/nitsculturals\/wp-content\/uploads\/2022\/05\/web-cartell_NITS_CULTURALS_2022-600x1228.jpg\" class=\"attachment-us_600_0 size-us_600_0\" alt=\"\" loading=\"lazy\" srcset=\"https:\/\/nitsculturals.cat\/nitsculturals\/wp-content\/uploads\/2022\/05\/web-cartell_NITS_CULTURALS_2022-600x1228.jpg 600w, https:\/\/nitsculturals.cat\/nitsculturals\/wp-content\/uploads\/2022\/05\/web-cartell_NITS_CULTURALS_2022-147x300.jpg 147w, https:\/\/nitsculturals.cat\/nitsculturals\/wp-content\/uploads\/2022\/05\/web-cartell_NITS_CULTURALS_2022-500x1024.jpg 500w, https:\/\/nitsculturals.cat\/nitsculturals\/wp-content\/uploads\/2022\/05\/web-cartell_NITS_CULTURALS_2022-768x1572.jpg 768w, https:\/\/nitsculturals.cat\/nitsculturals\/wp-content\/uploads\/2022\/05\/web-cartell_NITS_CULTURALS_2022-scaled.jpg 1251w\" sizes=\"auto, (max-width: 600px) 100vw, 600px\" \/><\/a><\/div><\/div><\/div><\/div><\/div><\/div><\/div><\/div><div class=\"vc_col-sm-3 wpb_column vc_column_container\"><div class=\"vc_column-inner\"><div class=\"wpb_wrapper\"><div class=\"wpb_text_column\"><div class=\"wpb_wrapper\"><h4><strong>Cel\u00b7lebraci\u00f3 especial 25a edici\u00f3<\/strong><br \/>\nTe Deum i Musicals<\/h4>\n<p><strong>Polif\u00f2nica de Puig\u2010reig<\/strong> (Emmanuel Niub\u00f2, director)<br \/>\n<strong>Cor de Cambra de l\u2019Auditori \u201cEnric Granados\u201d de Lleida<\/strong> (Xavier Puig, director)<br \/>\n<strong>Albert Guinovart<\/strong>, piano<br \/>\n<strong>Jordi Castell\u00e0<\/strong>, orgue<br \/>\n<strong>Mireia Dol\u00e7<\/strong>, soprano<br \/>\n<strong>Miquel Cobos<\/strong>, tenor<br \/>\n<strong>Xavier Puig<\/strong>, direcci\u00f3<br \/>\n<strong>Emmanuel Niub\u00f2<\/strong>, direcci\u00f3<\/p>\n<\/div><\/div><\/div><\/div><\/div><div class=\"vc_col-sm-3 wpb_column vc_column_container\"><div class=\"vc_column-inner\"><div class=\"wpb_wrapper\"><div class=\"wpb_text_column\"><div class=\"wpb_wrapper\"><h4><strong>Bombolles de paper<\/strong><\/h4>\n<p><strong>Companyia M\u00facab Dans<\/strong><\/p>\n<p>Concert per a nens i nenes, amb berenar per a tothom<\/p>\n<\/div><\/div><\/div><\/div><\/div><div class=\"vc_col-sm-3 wpb_column vc_column_container\"><div class=\"vc_column-inner\"><div class=\"wpb_wrapper\"><div class=\"wpb_text_column\"><div class=\"wpb_wrapper\"><h4><strong>Trio Fortuny<\/strong><\/h4>\n<p><strong>Joel Bardolet<\/strong>, viol\u00ed<br \/>\n<strong>Pau Codina<\/strong>, violoncel<br \/>\n<strong>Marc Heredia<\/strong>, piano<\/p>\n<\/div><\/div><\/div><\/div><\/div><\/div><\/div><\/section><section class=\"l-section wpb_row height_auto\"><div class=\"l-section-h i-cf\"><div class=\"g-cols vc_row via_flex valign_middle type_default stacking_default\"><div class=\"vc_col-sm-12 wpb_column vc_column_container\"><div class=\"vc_column-inner\"><div class=\"wpb_wrapper\"><div class=\"w-separator size_small with_line width_30 thick_2 style_solid color_border align_center\"><div class=\"w-separator-h\"><\/div><\/div><\/div><\/div><\/div><\/div><\/div><\/section><section class=\"l-section wpb_row height_auto\"><div class=\"l-section-h i-cf\"><div class=\"g-cols vc_row via_flex valign_top type_default stacking_default\"><div class=\"vc_col-sm-3 wpb_column vc_column_container\"><div class=\"vc_column-inner\"><div class=\"wpb_wrapper\"><div class=\"g-cols wpb_row via_flex valign_top type_default stacking_default\"><div class=\"vc_col-sm-6 wpb_column vc_column_container\"><div class=\"vc_column-inner\"><div class=\"wpb_wrapper\"><div class=\"wpb_text_column\"><div class=\"wpb_wrapper\"><h5>2021<\/h5>\n<\/div><\/div><\/div><\/div><\/div><div class=\"vc_col-sm-6 wpb_column vc_column_container\"><div class=\"vc_column-inner\"><div class=\"wpb_wrapper\"><div class=\"w-image style_shadow-1 align_center\"><a ref=\"magnificPopup\" href=\"https:\/\/nitsculturals.cat\/nitsculturals\/wp-content\/uploads\/2021\/07\/image.png\" aria-label=\"image\" class=\"w-image-h\"><img decoding=\"async\" width=\"600\" height=\"851\" src=\"https:\/\/nitsculturals.cat\/nitsculturals\/wp-content\/uploads\/2021\/07\/image-600x851.png\" class=\"attachment-us_600_0 size-us_600_0\" alt=\"\" loading=\"lazy\" srcset=\"https:\/\/nitsculturals.cat\/nitsculturals\/wp-content\/uploads\/2021\/07\/image-600x851.png 600w, https:\/\/nitsculturals.cat\/nitsculturals\/wp-content\/uploads\/2021\/07\/image-211x300.png 211w, https:\/\/nitsculturals.cat\/nitsculturals\/wp-content\/uploads\/2021\/07\/image-722x1024.png 722w, https:\/\/nitsculturals.cat\/nitsculturals\/wp-content\/uploads\/2021\/07\/image-768x1090.png 768w, https:\/\/nitsculturals.cat\/nitsculturals\/wp-content\/uploads\/2021\/07\/image.png 874w\" sizes=\"auto, (max-width: 600px) 100vw, 600px\" \/><\/a><\/div><\/div><\/div><\/div><\/div><\/div><\/div><\/div><div class=\"vc_col-sm-9 wpb_column vc_column_container\"><div class=\"vc_column-inner\"><div class=\"wpb_wrapper\"><div class=\"wpb_text_column\"><div class=\"wpb_wrapper\"><h4 class=\"vc_custom_heading\">Cancel\u00b7lada\u00a0a causa del coronavirus<\/h4>\n<\/div><\/div><\/div><\/div><\/div><\/div><\/div><\/section><section class=\"l-section wpb_row height_auto\"><div class=\"l-section-h i-cf\"><div class=\"g-cols vc_row via_flex valign_middle type_default stacking_default\"><div class=\"vc_col-sm-12 wpb_column vc_column_container\"><div class=\"vc_column-inner\"><div class=\"wpb_wrapper\"><div class=\"w-separator size_small with_line width_30 thick_2 style_solid color_border align_center\"><div class=\"w-separator-h\"><\/div><\/div><\/div><\/div><\/div><\/div><\/div><\/section><section class=\"l-section wpb_row height_auto\"><div class=\"l-section-h i-cf\"><div class=\"g-cols vc_row via_flex valign_top type_default stacking_default\"><div class=\"vc_col-sm-3 wpb_column vc_column_container\"><div class=\"vc_column-inner\"><div class=\"wpb_wrapper\"><div class=\"g-cols wpb_row via_flex valign_top type_default stacking_default\"><div class=\"vc_col-sm-6 wpb_column vc_column_container\"><div class=\"vc_column-inner\"><div class=\"wpb_wrapper\"><div class=\"wpb_text_column\"><div class=\"wpb_wrapper\"><h6>2020<\/h6>\n<\/div><\/div><\/div><\/div><\/div><div class=\"vc_col-sm-6 wpb_column vc_column_container\"><div class=\"vc_column-inner\"><div class=\"wpb_wrapper\"><div class=\"w-image style_shadow-1 align_center\"><a ref=\"magnificPopup\" href=\"https:\/\/nitsculturals.cat\/nitsculturals\/wp-content\/uploads\/2020\/05\/nits_horitzontal.jpg\" aria-label=\"nits_horitzontal\" class=\"w-image-h\"><img decoding=\"async\" width=\"600\" height=\"423\" src=\"https:\/\/nitsculturals.cat\/nitsculturals\/wp-content\/uploads\/2020\/05\/nits_horitzontal-600x423.jpg\" class=\"attachment-us_600_0 size-us_600_0\" alt=\"\" loading=\"lazy\" srcset=\"https:\/\/nitsculturals.cat\/nitsculturals\/wp-content\/uploads\/2020\/05\/nits_horitzontal-600x423.jpg 600w, https:\/\/nitsculturals.cat\/nitsculturals\/wp-content\/uploads\/2020\/05\/nits_horitzontal-300x211.jpg 300w, https:\/\/nitsculturals.cat\/nitsculturals\/wp-content\/uploads\/2020\/05\/nits_horitzontal-1024x722.jpg 1024w, https:\/\/nitsculturals.cat\/nitsculturals\/wp-content\/uploads\/2020\/05\/nits_horitzontal-768x541.jpg 768w\" sizes=\"auto, (max-width: 600px) 100vw, 600px\" \/><\/a><\/div><\/div><\/div><\/div><\/div><\/div><\/div><\/div><div class=\"vc_col-sm-9 wpb_column vc_column_container\"><div class=\"vc_column-inner\"><div class=\"wpb_wrapper\"><div class=\"wpb_text_column\"><div class=\"wpb_wrapper\"><h4 class=\"vc_custom_heading\">Cancel\u00b7lada\u00a0a causa del coronavirus<\/h4>\n<\/div><\/div><\/div><\/div><\/div><\/div><\/div><\/section><section class=\"l-section wpb_row height_auto\"><div class=\"l-section-h i-cf\"><div class=\"g-cols vc_row via_flex valign_middle type_default stacking_default\"><div class=\"vc_col-sm-12 wpb_column vc_column_container\"><div class=\"vc_column-inner\"><div class=\"wpb_wrapper\"><div class=\"w-separator size_small with_line width_30 thick_2 style_solid color_border align_center\"><div class=\"w-separator-h\"><\/div><\/div><\/div><\/div><\/div><\/div><\/div><\/section><section class=\"l-section wpb_row height_auto\"><div class=\"l-section-h i-cf\"><div class=\"g-cols vc_row via_flex valign_top type_default stacking_default\"><div class=\"vc_col-sm-3 wpb_column vc_column_container\"><div class=\"vc_column-inner\"><div class=\"wpb_wrapper\"><div class=\"g-cols wpb_row via_flex valign_top type_default stacking_default\"><div class=\"vc_col-sm-6 wpb_column vc_column_container\"><div class=\"vc_column-inner\"><div class=\"wpb_wrapper\"><div class=\"wpb_text_column\"><div class=\"wpb_wrapper\"><h6>2019<\/h6>\n<\/div><\/div><\/div><\/div><\/div><div class=\"vc_col-sm-6 wpb_column vc_column_container\"><div class=\"vc_column-inner\"><div class=\"wpb_wrapper\"><div class=\"w-image style_shadow-1 align_center\"><a ref=\"magnificPopup\" href=\"https:\/\/nitsculturals.cat\/nitsculturals\/wp-content\/uploads\/2019\/07\/web-cartell_NITS_CULTURALS_2019.jpg\" aria-label=\"web-cartell_NITS_CULTURALS_2019\" class=\"w-image-h\"><img decoding=\"async\" width=\"600\" height=\"849\" src=\"https:\/\/nitsculturals.cat\/nitsculturals\/wp-content\/uploads\/2019\/07\/web-cartell_NITS_CULTURALS_2019-600x849.jpg\" class=\"attachment-us_600_0 size-us_600_0\" alt=\"\" loading=\"lazy\" srcset=\"https:\/\/nitsculturals.cat\/nitsculturals\/wp-content\/uploads\/2019\/07\/web-cartell_NITS_CULTURALS_2019-600x849.jpg 600w, https:\/\/nitsculturals.cat\/nitsculturals\/wp-content\/uploads\/2019\/07\/web-cartell_NITS_CULTURALS_2019-212x300.jpg 212w, https:\/\/nitsculturals.cat\/nitsculturals\/wp-content\/uploads\/2019\/07\/web-cartell_NITS_CULTURALS_2019-724x1024.jpg 724w, https:\/\/nitsculturals.cat\/nitsculturals\/wp-content\/uploads\/2019\/07\/web-cartell_NITS_CULTURALS_2019-768x1086.jpg 768w\" sizes=\"auto, (max-width: 600px) 100vw, 600px\" \/><\/a><\/div><\/div><\/div><\/div><\/div><\/div><\/div><\/div><div class=\"vc_col-sm-3 wpb_column vc_column_container\"><div class=\"vc_column-inner\"><div class=\"wpb_wrapper\"><div class=\"wpb_text_column\"><div class=\"wpb_wrapper\"><h4 class=\"vc_custom_heading\"><strong>H\u00c4NDEL A L\u2019\u00d2PERA <\/strong><br \/>\n<strong>escenes d\u2019amor, venjan\u00e7a i tra\u00efci\u00f3<\/strong><\/h4>\n<div class=\"wpb_text_column \">\n<div class=\"wpb_wrapper\">\n<p><strong>Orquestra Barroca Catalana<\/strong><br \/>\n<strong>L\u00eddia Vinyes Curtis<\/strong>, mezzosoprano<br \/>\n<strong>Manfredo Kraemer<\/strong>, viol\u00ed i direcci\u00f3<\/p>\n<\/div>\n<\/div>\n<\/div><\/div><\/div><\/div><\/div><div class=\"vc_col-sm-3 wpb_column vc_column_container\"><div class=\"vc_column-inner\"><div class=\"wpb_wrapper\"><div class=\"wpb_text_column\"><div class=\"wpb_wrapper\"><h4><strong>SEMPRE DE VACANCES<\/strong><\/h4>\n<p><strong>Helena Casas<\/strong>, bateria de joguina, pandereta, pianet, acordi\u00f3 petit i veu.<br \/>\n<strong>Marc Marc\u00e9<\/strong>, guitarra el\u00e8ctrica de tres cordes, ukulele de joguina i veu.<br \/>\n<strong>Marc Poch<\/strong>, bateria de joguina, mel\u00f2dica, pianet i carill\u00f3 de joguina.<br \/>\n<strong>Toni Vilapriny\u00f3<\/strong>, baix petit.<\/p>\n<p>Producci\u00f3 de 2princesesbarbudes<\/p>\n<\/div><\/div><\/div><\/div><\/div><div class=\"vc_col-sm-3 wpb_column vc_column_container\"><div class=\"vc_column-inner\"><div class=\"wpb_wrapper\"><div class=\"wpb_text_column\"><div class=\"wpb_wrapper\"><h4><strong>QUARTET GERHARD<\/strong><\/h4>\n<p><strong>Llu\u00eds Cast\u00e1n Cochs<\/strong>, viol\u00ed;<br \/>\n<strong>Judit Bardolet Vilar\u00f3<\/strong>,viol\u00ed;<br \/>\n<strong>Miquel Jord\u00e0 Sa\u00fan<\/strong>, viola;<br \/>\n<strong>Jes\u00fas Miralles Roger<\/strong>, violoncel<\/p>\n<\/div><\/div><\/div><\/div><\/div><\/div><\/div><\/section><section class=\"l-section wpb_row height_auto\"><div class=\"l-section-h i-cf\"><div class=\"g-cols vc_row via_flex valign_middle type_default stacking_default\"><div class=\"vc_col-sm-12 wpb_column vc_column_container\"><div class=\"vc_column-inner\"><div class=\"wpb_wrapper\"><div class=\"w-separator size_small with_line width_30 thick_2 style_solid color_border align_center\"><div class=\"w-separator-h\"><\/div><\/div><\/div><\/div><\/div><\/div><\/div><\/section><section class=\"l-section wpb_row height_auto\"><div class=\"l-section-h i-cf\"><div class=\"g-cols vc_row via_flex valign_top type_default stacking_default\"><div class=\"vc_col-sm-3 wpb_column vc_column_container\"><div class=\"vc_column-inner\"><div class=\"wpb_wrapper\"><div class=\"g-cols wpb_row via_flex valign_top type_default stacking_default\"><div class=\"vc_col-sm-6 wpb_column vc_column_container\"><div class=\"vc_column-inner\"><div class=\"wpb_wrapper\"><div class=\"wpb_text_column\"><div class=\"wpb_wrapper\"><p>2018<\/p>\n<\/div><\/div><\/div><\/div><\/div><div class=\"vc_col-sm-6 wpb_column vc_column_container\"><div class=\"vc_column-inner\"><div class=\"wpb_wrapper\"><div class=\"w-image style_shadow-1 align_center\"><a ref=\"magnificPopup\" href=\"https:\/\/nitsculturals.cat\/nitsculturals\/wp-content\/uploads\/2018\/04\/WhatsApp-Image-2018-04-19-at-15.01.13.jpeg\" aria-label=\"WhatsApp Image 2018-04-19 at 15.01.13\" class=\"w-image-h\"><img decoding=\"async\" width=\"600\" height=\"1255\" src=\"https:\/\/nitsculturals.cat\/nitsculturals\/wp-content\/uploads\/2018\/04\/WhatsApp-Image-2018-04-19-at-15.01.13-600x1255.jpeg\" class=\"attachment-us_600_0 size-us_600_0\" alt=\"\" loading=\"lazy\" srcset=\"https:\/\/nitsculturals.cat\/nitsculturals\/wp-content\/uploads\/2018\/04\/WhatsApp-Image-2018-04-19-at-15.01.13-600x1255.jpeg 600w, https:\/\/nitsculturals.cat\/nitsculturals\/wp-content\/uploads\/2018\/04\/WhatsApp-Image-2018-04-19-at-15.01.13-143x300.jpeg 143w, https:\/\/nitsculturals.cat\/nitsculturals\/wp-content\/uploads\/2018\/04\/WhatsApp-Image-2018-04-19-at-15.01.13-490x1024.jpeg 490w, https:\/\/nitsculturals.cat\/nitsculturals\/wp-content\/uploads\/2018\/04\/WhatsApp-Image-2018-04-19-at-15.01.13.jpeg 765w\" sizes=\"auto, (max-width: 600px) 100vw, 600px\" \/><\/a><\/div><\/div><\/div><\/div><\/div><\/div><\/div><\/div><div class=\"vc_col-sm-3 wpb_column vc_column_container\"><div class=\"vc_column-inner\"><div class=\"wpb_wrapper\"><div class=\"wpb_text_column\"><div class=\"wpb_wrapper\"><p><b>DI\u00c0LEGS I IMPROVISACIONS<\/b><br \/>\n<strong>\u00abD&#8217;Orient a Occident i de l&#8217;Antic al Nou M\u00f3n\u00bb<\/strong><\/p>\n<p><strong>Ferran Savall<\/strong>, veu i tiorba;<br \/>\n<strong>David Mayoral<\/strong>, percussions;<br \/>\n<strong>Jordi Savall<\/strong>, viola de gamba i direcci\u00f3.<\/p>\n<\/div><\/div><\/div><\/div><\/div><div class=\"vc_col-sm-3 wpb_column vc_column_container\"><div class=\"vc_column-inner\"><div class=\"wpb_wrapper\"><div class=\"wpb_text_column\"><div class=\"wpb_wrapper\"><p><strong>\u00abLa Lluna d&#8217;en Joan\u00bb<\/strong><\/p>\n<p>Producci\u00f3 del Teatre Nu<\/p>\n<\/div><\/div><\/div><\/div><\/div><div class=\"vc_col-sm-3 wpb_column vc_column_container\"><div class=\"vc_column-inner\"><div class=\"wpb_wrapper\"><div class=\"wpb_text_column\"><div class=\"wpb_wrapper\"><p><strong>\u00abEl Messies de H\u00e4ndel\u00bb<\/strong><\/p>\n<p>Coral Cantiga<br \/>\nOrquestra de Cambra Terrassa 48<\/p>\n<\/div><\/div><\/div><\/div><\/div><\/div><\/div><\/section><section class=\"l-section wpb_row height_auto\"><div class=\"l-section-h i-cf\"><div class=\"g-cols vc_row via_flex valign_middle type_default stacking_default\"><div class=\"vc_col-sm-12 wpb_column vc_column_container\"><div class=\"vc_column-inner\"><div class=\"wpb_wrapper\"><div class=\"w-separator size_small with_line width_30 thick_2 style_solid color_border align_center\"><div class=\"w-separator-h\"><\/div><\/div><\/div><\/div><\/div><\/div><\/div><\/section><section class=\"l-section wpb_row height_auto\"><div class=\"l-section-h i-cf\"><div class=\"g-cols vc_row via_flex valign_top type_default stacking_default\"><div class=\"vc_col-sm-3 wpb_column vc_column_container\"><div class=\"vc_column-inner\"><div class=\"wpb_wrapper\"><div class=\"g-cols wpb_row via_flex valign_top type_default stacking_default\"><div class=\"vc_col-sm-6 wpb_column vc_column_container\"><div class=\"vc_column-inner\"><div class=\"wpb_wrapper\"><div class=\"wpb_text_column\"><div class=\"wpb_wrapper\"><p>2017<\/p>\n<\/div><\/div><\/div><\/div><\/div><div class=\"vc_col-sm-6 wpb_column vc_column_container\"><div class=\"vc_column-inner\"><div class=\"wpb_wrapper\"><div class=\"w-image style_shadow-1 align_center\"><a ref=\"magnificPopup\" href=\"https:\/\/nitsculturals.cat\/nitsculturals\/wp-content\/uploads\/2017\/10\/2017.png\" aria-label=\"Nits-culturals-2017\" class=\"w-image-h\"><img decoding=\"async\" width=\"600\" height=\"1212\" src=\"https:\/\/nitsculturals.cat\/nitsculturals\/wp-content\/uploads\/2017\/10\/2017.png\" class=\"attachment-us_600_0 size-us_600_0\" alt=\"\" loading=\"lazy\" srcset=\"https:\/\/nitsculturals.cat\/nitsculturals\/wp-content\/uploads\/2017\/10\/2017.png 800w, https:\/\/nitsculturals.cat\/nitsculturals\/wp-content\/uploads\/2017\/10\/2017-149x300.png 149w, https:\/\/nitsculturals.cat\/nitsculturals\/wp-content\/uploads\/2017\/10\/2017-768x1551.png 768w, https:\/\/nitsculturals.cat\/nitsculturals\/wp-content\/uploads\/2017\/10\/2017-507x1024.png 507w, https:\/\/nitsculturals.cat\/nitsculturals\/wp-content\/uploads\/2017\/10\/2017-72x146.png 72w, https:\/\/nitsculturals.cat\/nitsculturals\/wp-content\/uploads\/2017\/10\/2017-25x50.png 25w, https:\/\/nitsculturals.cat\/nitsculturals\/wp-content\/uploads\/2017\/10\/2017-37x75.png 37w\" sizes=\"auto, (max-width: 600px) 100vw, 600px\" \/><\/a><\/div><\/div><\/div><\/div><\/div><\/div><\/div><\/div><div class=\"vc_col-sm-3 wpb_column vc_column_container\"><div class=\"vc_column-inner\"><div class=\"wpb_wrapper\"><div class=\"wpb_text_column\"><div class=\"wpb_wrapper\"><p><strong>\u201cR\u00e8quiem de Mozart\u201d<\/strong><br \/>\nOrquestra del Reial Cercle Art\u00edstic de Barcelona.<br \/>\nCor Contrapunto Vocale.<\/p>\n<\/div><\/div><\/div><\/div><\/div><div class=\"vc_col-sm-3 wpb_column vc_column_container\"><div class=\"vc_column-inner\"><div class=\"wpb_wrapper\"><div class=\"wpb_text_column\"><div class=\"wpb_wrapper\"><p><strong>\u201cMerci Bien\u201d<\/strong><br \/>\nUna producci\u00f3 de la Companyia Mumusic Circus.<\/p>\n<\/div><\/div><\/div><\/div><\/div><div class=\"vc_col-sm-3 wpb_column vc_column_container\"><div class=\"vc_column-inner\"><div class=\"wpb_wrapper\"><div class=\"wpb_text_column\"><div class=\"wpb_wrapper\"><p><strong>\u201cJoan Man\u00e9n: fem mem\u00f2ria\u201d<\/strong><br \/>\nKalina Macuta, viol\u00ed; Romain Garioud, violoncel;<br \/>\nDaniel Blanch, piano.<\/p>\n<\/div><\/div><\/div><\/div><\/div><\/div><\/div><\/section><section class=\"l-section wpb_row height_auto\"><div class=\"l-section-h i-cf\"><div class=\"g-cols vc_row via_flex valign_middle type_default stacking_default\"><div class=\"vc_col-sm-12 wpb_column vc_column_container\"><div class=\"vc_column-inner\"><div class=\"wpb_wrapper\"><div class=\"w-separator size_small with_line width_30 thick_2 style_solid color_border align_center\"><div class=\"w-separator-h\"><\/div><\/div><\/div><\/div><\/div><\/div><\/div><\/section><section class=\"l-section wpb_row height_auto\"><div class=\"l-section-h i-cf\"><div class=\"g-cols vc_row via_flex valign_top type_default stacking_default\"><div class=\"vc_col-sm-3 wpb_column vc_column_container\"><div class=\"vc_column-inner\"><div class=\"wpb_wrapper\"><div class=\"g-cols wpb_row via_flex valign_top type_default stacking_default\"><div class=\"vc_col-sm-6 wpb_column vc_column_container\"><div class=\"vc_column-inner\"><div class=\"wpb_wrapper\"><div class=\"wpb_text_column\"><div class=\"wpb_wrapper\"><p>2016<\/p>\n<\/div><\/div><\/div><\/div><\/div><div class=\"vc_col-sm-6 wpb_column vc_column_container\"><div class=\"vc_column-inner\"><div class=\"wpb_wrapper\"><div class=\"w-image style_shadow-1 align_center\"><a ref=\"magnificPopup\" href=\"https:\/\/nitsculturals.cat\/nitsculturals\/wp-content\/uploads\/2017\/10\/2016.png\" aria-label=\"2016\" class=\"w-image-h\"><img decoding=\"async\" width=\"600\" height=\"1212\" src=\"https:\/\/nitsculturals.cat\/nitsculturals\/wp-content\/uploads\/2017\/10\/2016.png\" class=\"attachment-us_600_0 size-us_600_0\" alt=\"\" loading=\"lazy\" srcset=\"https:\/\/nitsculturals.cat\/nitsculturals\/wp-content\/uploads\/2017\/10\/2016.png 800w, https:\/\/nitsculturals.cat\/nitsculturals\/wp-content\/uploads\/2017\/10\/2016-149x300.png 149w, https:\/\/nitsculturals.cat\/nitsculturals\/wp-content\/uploads\/2017\/10\/2016-768x1551.png 768w, https:\/\/nitsculturals.cat\/nitsculturals\/wp-content\/uploads\/2017\/10\/2016-507x1024.png 507w, https:\/\/nitsculturals.cat\/nitsculturals\/wp-content\/uploads\/2017\/10\/2016-72x146.png 72w, https:\/\/nitsculturals.cat\/nitsculturals\/wp-content\/uploads\/2017\/10\/2016-25x50.png 25w, https:\/\/nitsculturals.cat\/nitsculturals\/wp-content\/uploads\/2017\/10\/2016-37x75.png 37w\" sizes=\"auto, (max-width: 600px) 100vw, 600px\" \/><\/a><\/div><\/div><\/div><\/div><\/div><\/div><\/div><\/div><div class=\"vc_col-sm-3 wpb_column vc_column_container\"><div class=\"vc_column-inner\"><div class=\"wpb_wrapper\"><div class=\"wpb_text_column\"><div class=\"wpb_wrapper\"><p><strong>\u00abHomenatge a Enric Granados\u00bb<\/strong><br \/>\nCentenari de la mort del compositor lleidat\u00e0.<br \/>\nAlba Ventura, piano.<\/p>\n<\/div><\/div><\/div><\/div><\/div><div class=\"vc_col-sm-3 wpb_column vc_column_container\"><div class=\"vc_column-inner\"><div class=\"wpb_wrapper\"><div class=\"wpb_text_column\"><div class=\"wpb_wrapper\"><p><strong>\u00abMonsieur Croche\u00bb\u00a0<\/strong><br \/>\nEls somnis del compositor Claude Debussy.<br \/>\nUna producci\u00f3 de La Companyia del Pr\u00edncep Totilau.<\/p>\n<\/div><\/div><\/div><\/div><\/div><div class=\"vc_col-sm-3 wpb_column vc_column_container\"><div class=\"vc_column-inner\"><div class=\"wpb_wrapper\"><div class=\"wpb_text_column\"><div class=\"wpb_wrapper\"><p><strong>\u00abIl Barbiere di Siviglia\u00bb<\/strong><br \/>\nAdaptaci\u00f3 de l\u2019\u00f2pera de Gioachino Rossini.<br \/>\nUna producci\u00f3 de Villa InCanto.<\/p>\n<\/div><\/div><\/div><\/div><\/div><\/div><\/div><\/section><section class=\"l-section wpb_row height_auto\"><div class=\"l-section-h i-cf\"><div class=\"g-cols vc_row via_flex valign_middle type_default stacking_default\"><div class=\"vc_col-sm-12 wpb_column vc_column_container\"><div class=\"vc_column-inner\"><div class=\"wpb_wrapper\"><div class=\"w-separator size_small with_line width_30 thick_2 style_solid color_border align_center\"><div class=\"w-separator-h\"><\/div><\/div><\/div><\/div><\/div><\/div><\/div><\/section><section class=\"l-section wpb_row height_auto\"><div class=\"l-section-h i-cf\"><div class=\"g-cols vc_row via_flex valign_top type_default stacking_default\"><div class=\"vc_col-sm-3 wpb_column vc_column_container\"><div class=\"vc_column-inner\"><div class=\"wpb_wrapper\"><div class=\"g-cols wpb_row via_flex valign_top type_default stacking_default\"><div class=\"vc_col-sm-6 wpb_column vc_column_container\"><div class=\"vc_column-inner\"><div class=\"wpb_wrapper\"><div class=\"wpb_text_column\"><div class=\"wpb_wrapper\"><p>2015<\/p>\n<\/div><\/div><\/div><\/div><\/div><div class=\"vc_col-sm-6 wpb_column vc_column_container\"><div class=\"vc_column-inner\"><div class=\"wpb_wrapper\"><div class=\"w-image style_shadow-1 align_center\"><a ref=\"magnificPopup\" href=\"https:\/\/nitsculturals.cat\/nitsculturals\/wp-content\/uploads\/2018\/01\/2015-768x1551.png\" aria-label=\"2015-768x1551\" class=\"w-image-h\"><img decoding=\"async\" width=\"600\" height=\"1212\" src=\"https:\/\/nitsculturals.cat\/nitsculturals\/wp-content\/uploads\/2018\/01\/2015-768x1551-600x1212.png\" class=\"attachment-us_600_0 size-us_600_0\" alt=\"\" loading=\"lazy\" srcset=\"https:\/\/nitsculturals.cat\/nitsculturals\/wp-content\/uploads\/2018\/01\/2015-768x1551-600x1212.png 600w, https:\/\/nitsculturals.cat\/nitsculturals\/wp-content\/uploads\/2018\/01\/2015-768x1551-149x300.png 149w, https:\/\/nitsculturals.cat\/nitsculturals\/wp-content\/uploads\/2018\/01\/2015-768x1551.png 768w, https:\/\/nitsculturals.cat\/nitsculturals\/wp-content\/uploads\/2018\/01\/2015-768x1551-507x1024.png 507w\" sizes=\"auto, (max-width: 600px) 100vw, 600px\" \/><\/a><\/div><\/div><\/div><\/div><\/div><\/div><\/div><\/div><div class=\"vc_col-sm-3 wpb_column vc_column_container\"><div class=\"vc_column-inner\"><div class=\"wpb_wrapper\"><div class=\"wpb_text_column\"><div class=\"wpb_wrapper\"><p><strong>\u201cLa gent, el cor de l\u2019\u00d2pera\u201d<\/strong><br \/>\nConcert dirigit i presentat per Marcel Gorgori.<\/p>\n<\/div><\/div><\/div><\/div><\/div><div class=\"vc_col-sm-3 wpb_column vc_column_container\"><div class=\"vc_column-inner\"><div class=\"wpb_wrapper\"><div class=\"wpb_text_column\"><div class=\"wpb_wrapper\"><p><strong>\u00abTubs i tubes\u00bb<\/strong><br \/>\nAuditori de Barcelona.<\/p>\n<\/div><\/div><\/div><\/div><\/div><div class=\"vc_col-sm-3 wpb_column vc_column_container\"><div class=\"vc_column-inner\"><div class=\"wpb_wrapper\"><div class=\"wpb_text_column\"><div class=\"wpb_wrapper\"><p><strong>\u00abOrquestra Nacional Cl\u00e0ssica d\u2019Andorra (ONCA)\u00bb<\/strong><br \/>\nDe Bach a Beatles.<br \/>\nGerard Claret, viol\u00ed solista; Mireia Farr\u00e9s, trompeta solista; Jordi Reguant, clave.<\/p>\n<\/div><\/div><\/div><\/div><\/div><\/div><\/div><\/section><section class=\"l-section wpb_row height_auto\"><div class=\"l-section-h i-cf\"><div class=\"g-cols vc_row via_flex valign_middle type_default stacking_default\"><div class=\"vc_col-sm-12 wpb_column vc_column_container\"><div class=\"vc_column-inner\"><div class=\"wpb_wrapper\"><div class=\"w-separator size_small with_line width_30 thick_2 style_solid color_border align_center\"><div class=\"w-separator-h\"><\/div><\/div><\/div><\/div><\/div><\/div><\/div><\/section><section class=\"l-section wpb_row height_auto\"><div class=\"l-section-h i-cf\"><div class=\"g-cols vc_row via_flex valign_top type_default stacking_default\"><div class=\"vc_col-sm-3 wpb_column vc_column_container\"><div class=\"vc_column-inner\"><div class=\"wpb_wrapper\"><div class=\"g-cols wpb_row via_flex valign_top type_default stacking_default\"><div class=\"vc_col-sm-6 wpb_column vc_column_container\"><div class=\"vc_column-inner\"><div class=\"wpb_wrapper\"><div class=\"wpb_text_column\"><div class=\"wpb_wrapper\"><p>2014<\/p>\n<\/div><\/div><\/div><\/div><\/div><div class=\"vc_col-sm-6 wpb_column vc_column_container\"><div class=\"vc_column-inner\"><div class=\"wpb_wrapper\"><div class=\"w-image style_shadow-1 align_center\"><a ref=\"magnificPopup\" href=\"https:\/\/nitsculturals.cat\/nitsculturals\/wp-content\/uploads\/2018\/01\/2014-768x1551.png\" aria-label=\"2014-768x1551\" class=\"w-image-h\"><img decoding=\"async\" width=\"600\" height=\"1212\" src=\"https:\/\/nitsculturals.cat\/nitsculturals\/wp-content\/uploads\/2018\/01\/2014-768x1551-600x1212.png\" class=\"attachment-us_600_0 size-us_600_0\" alt=\"\" loading=\"lazy\" srcset=\"https:\/\/nitsculturals.cat\/nitsculturals\/wp-content\/uploads\/2018\/01\/2014-768x1551-600x1212.png 600w, https:\/\/nitsculturals.cat\/nitsculturals\/wp-content\/uploads\/2018\/01\/2014-768x1551-149x300.png 149w, https:\/\/nitsculturals.cat\/nitsculturals\/wp-content\/uploads\/2018\/01\/2014-768x1551.png 768w, https:\/\/nitsculturals.cat\/nitsculturals\/wp-content\/uploads\/2018\/01\/2014-768x1551-507x1024.png 507w\" sizes=\"auto, (max-width: 600px) 100vw, 600px\" \/><\/a><\/div><\/div><\/div><\/div><\/div><\/div><\/div><\/div><div class=\"vc_col-sm-3 wpb_column vc_column_container\"><div class=\"vc_column-inner\"><div class=\"wpb_wrapper\"><div class=\"wpb_text_column\"><div class=\"wpb_wrapper\"><p><strong>\u201cVOYAGE MUSICAL\u201d<\/strong><br \/>\nDe l\u2019encant mozarti\u00e0 a l\u2019enc\u00eds rom\u00e0ntic franc\u00e8s.<br \/>\nJ\u00falia Farr\u00e9s Llongueras, soprano; Patr\u00edcia de No, flauta; Husan Park, piano<\/p>\n<\/div><\/div><\/div><\/div><\/div><div class=\"vc_col-sm-3 wpb_column vc_column_container\"><div class=\"vc_column-inner\"><div class=\"wpb_wrapper\"><div class=\"wpb_text_column\"><div class=\"wpb_wrapper\"><p><strong>\u00abL\u2019AINA, EN ROC I ELS QUATRE ELEMENTS\u00bb<\/strong><br \/>\nJOVE ORQUESTRA SIMF\u00d2NICA DE L\u2019ANOIA (JOSA)<\/p>\n<\/div><\/div><\/div><\/div><\/div><div class=\"vc_col-sm-3 wpb_column vc_column_container\"><div class=\"vc_column-inner\"><div class=\"wpb_wrapper\"><div class=\"wpb_text_column\"><div class=\"wpb_wrapper\"><p><strong>\u201cMAURICE RAVEL i JAZZ A PAR\u00cdS\u201d<\/strong><br \/>\nKai Gleusteen, viol\u00ed; Catherine Ordronneau, piano;<br \/>\nDavid Mengual, contrabaix; Oriol Roca, bateria<\/p>\n<\/div><\/div><\/div><\/div><\/div><\/div><\/div><\/section><section class=\"l-section wpb_row height_auto\"><div class=\"l-section-h i-cf\"><div class=\"g-cols vc_row via_flex valign_middle type_default stacking_default\"><div class=\"vc_col-sm-12 wpb_column vc_column_container\"><div class=\"vc_column-inner\"><div class=\"wpb_wrapper\"><div class=\"w-separator size_small with_line width_30 thick_2 style_solid color_border align_center\"><div class=\"w-separator-h\"><\/div><\/div><\/div><\/div><\/div><\/div><\/div><\/section><section class=\"l-section wpb_row height_auto\"><div class=\"l-section-h i-cf\"><div class=\"g-cols vc_row via_flex valign_top type_default stacking_default\"><div class=\"vc_col-sm-3 wpb_column vc_column_container\"><div class=\"vc_column-inner\"><div class=\"wpb_wrapper\"><div class=\"g-cols wpb_row via_flex valign_top type_default stacking_default\"><div class=\"vc_col-sm-6 wpb_column vc_column_container\"><div class=\"vc_column-inner\"><div class=\"wpb_wrapper\"><div class=\"wpb_text_column\"><div class=\"wpb_wrapper\"><p>2013<\/p>\n<\/div><\/div><\/div><\/div><\/div><div class=\"vc_col-sm-6 wpb_column vc_column_container\"><div class=\"vc_column-inner\"><div class=\"wpb_wrapper\"><div class=\"w-image style_shadow-1 align_center\"><a ref=\"magnificPopup\" href=\"https:\/\/nitsculturals.cat\/nitsculturals\/wp-content\/uploads\/2018\/01\/2013-768x1551.png\" aria-label=\"2013-768x1551\" class=\"w-image-h\"><img decoding=\"async\" width=\"600\" height=\"1212\" src=\"https:\/\/nitsculturals.cat\/nitsculturals\/wp-content\/uploads\/2018\/01\/2013-768x1551-600x1212.png\" class=\"attachment-us_600_0 size-us_600_0\" alt=\"\" loading=\"lazy\" srcset=\"https:\/\/nitsculturals.cat\/nitsculturals\/wp-content\/uploads\/2018\/01\/2013-768x1551-600x1212.png 600w, https:\/\/nitsculturals.cat\/nitsculturals\/wp-content\/uploads\/2018\/01\/2013-768x1551-149x300.png 149w, https:\/\/nitsculturals.cat\/nitsculturals\/wp-content\/uploads\/2018\/01\/2013-768x1551.png 768w, https:\/\/nitsculturals.cat\/nitsculturals\/wp-content\/uploads\/2018\/01\/2013-768x1551-507x1024.png 507w\" sizes=\"auto, (max-width: 600px) 100vw, 600px\" \/><\/a><\/div><\/div><\/div><\/div><\/div><\/div><\/div><\/div><div class=\"vc_col-sm-3 wpb_column vc_column_container\"><div class=\"vc_column-inner\"><div class=\"wpb_wrapper\"><div class=\"wpb_text_column\"><div class=\"wpb_wrapper\"><p><strong>\u00abORQUESTRA DE CAMBRA DE L&#8217;EMPORD\u00c0\u00bb<\/strong><br \/>\nObres de Txaikovsky, Grieg i Piazzolla.<br \/>\nDirector: Carles Coll.<br \/>\nSaxofon solista: David Salleras.<\/p>\n<\/div><\/div><\/div><\/div><\/div><div class=\"vc_col-sm-3 wpb_column vc_column_container\"><div class=\"vc_column-inner\"><div class=\"wpb_wrapper\"><div class=\"wpb_text_column\"><div class=\"wpb_wrapper\"><p><strong>\u00abESCENES D\u2019INFANTS DE FREDERIC MOMPOU\u00bb<\/strong><br \/>\nLa Companyia \u201cEL BALLET IMPERIAL DE LA REINA ROSAMUNDA\u201d<\/p>\n<\/div><\/div><\/div><\/div><\/div><div class=\"vc_col-sm-3 wpb_column vc_column_container\"><div class=\"vc_column-inner\"><div class=\"wpb_wrapper\"><div class=\"wpb_text_column\"><div class=\"wpb_wrapper\"><p><strong>\u00abGALA VERDI\u00bb<\/strong><br \/>\nDida Castro, mezzosoprano; Carles Daza, bar\u00edton; Albert Deprius, tenor;<br \/>\nEdvige S\u00e1nchez, soprano i Ricardo Estrada, piano<\/p>\n<\/div><\/div><\/div><\/div><\/div><\/div><\/div><\/section><section class=\"l-section wpb_row height_auto\"><div class=\"l-section-h i-cf\"><div class=\"g-cols vc_row via_flex valign_middle type_default stacking_default\"><div class=\"vc_col-sm-12 wpb_column vc_column_container\"><div class=\"vc_column-inner\"><div class=\"wpb_wrapper\"><div class=\"w-separator size_small with_line width_30 thick_2 style_solid color_border align_center\"><div class=\"w-separator-h\"><\/div><\/div><\/div><\/div><\/div><\/div><\/div><\/section><section class=\"l-section wpb_row height_auto\"><div class=\"l-section-h i-cf\"><div class=\"g-cols vc_row via_flex valign_top type_default stacking_default\"><div class=\"vc_col-sm-3 wpb_column vc_column_container\"><div class=\"vc_column-inner\"><div class=\"wpb_wrapper\"><div class=\"g-cols wpb_row via_flex valign_top type_default stacking_default\"><div class=\"vc_col-sm-6 wpb_column vc_column_container\"><div class=\"vc_column-inner\"><div class=\"wpb_wrapper\"><div class=\"wpb_text_column\"><div class=\"wpb_wrapper\"><p>2012<\/p>\n<\/div><\/div><\/div><\/div><\/div><div class=\"vc_col-sm-6 wpb_column vc_column_container\"><div class=\"vc_column-inner\"><div class=\"wpb_wrapper\"><div class=\"w-image style_shadow-1 align_center\"><a ref=\"magnificPopup\" href=\"https:\/\/nitsculturals.cat\/nitsculturals\/wp-content\/uploads\/2018\/03\/2012-Cartell.jpg\" aria-label=\"2012 Cartell\" class=\"w-image-h\"><img decoding=\"async\" width=\"600\" height=\"1256\" src=\"https:\/\/nitsculturals.cat\/nitsculturals\/wp-content\/uploads\/2018\/03\/2012-Cartell-600x1256.jpg\" class=\"attachment-us_600_0 size-us_600_0\" alt=\"\" loading=\"lazy\" srcset=\"https:\/\/nitsculturals.cat\/nitsculturals\/wp-content\/uploads\/2018\/03\/2012-Cartell-600x1256.jpg 600w, https:\/\/nitsculturals.cat\/nitsculturals\/wp-content\/uploads\/2018\/03\/2012-Cartell-143x300.jpg 143w, https:\/\/nitsculturals.cat\/nitsculturals\/wp-content\/uploads\/2018\/03\/2012-Cartell-768x1607.jpg 768w, https:\/\/nitsculturals.cat\/nitsculturals\/wp-content\/uploads\/2018\/03\/2012-Cartell-489x1024.jpg 489w\" sizes=\"auto, (max-width: 600px) 100vw, 600px\" \/><\/a><\/div><\/div><\/div><\/div><\/div><\/div><\/div><\/div><div class=\"vc_col-sm-3 wpb_column vc_column_container\"><div class=\"vc_column-inner\"><div class=\"wpb_wrapper\"><div class=\"wpb_text_column\"><div class=\"wpb_wrapper\"><p><strong>\u00abFlautes, virtuosisme i belcanto\u00bb<\/strong><br \/>\nClaudi Arimany, David Riba i Michel Wagesmans<\/p>\n<\/div><\/div><\/div><\/div><\/div><div class=\"vc_col-sm-3 wpb_column vc_column_container\"><div class=\"vc_column-inner\"><div class=\"wpb_wrapper\"><div class=\"wpb_text_column\"><div class=\"wpb_wrapper\"><p><strong>\u00abELS COLORS DELS METALLS\u00bb<\/strong><br \/>\nL&#8217;AUDITORI DE BARCELONA<\/p>\n<\/div><\/div><\/div><\/div><\/div><div class=\"vc_col-sm-3 wpb_column vc_column_container\"><div class=\"vc_column-inner\"><div class=\"wpb_wrapper\"><div class=\"wpb_text_column\"><div class=\"wpb_wrapper\"><p><strong>\u00abLA TRAVIATA\u00bb<\/strong><br \/>\nProducci\u00f3 de la companyia Atelier de l&#8217;Opera<\/p>\n<\/div><\/div><\/div><\/div><\/div><\/div><\/div><\/section><section class=\"l-section wpb_row height_auto\"><div class=\"l-section-h i-cf\"><div class=\"g-cols vc_row via_flex valign_middle type_default stacking_default\"><div class=\"vc_col-sm-12 wpb_column vc_column_container\"><div class=\"vc_column-inner\"><div class=\"wpb_wrapper\"><div class=\"w-separator size_small with_line width_30 thick_2 style_solid color_border align_center\"><div class=\"w-separator-h\"><\/div><\/div><\/div><\/div><\/div><\/div><\/div><\/section><section class=\"l-section wpb_row height_auto\"><div class=\"l-section-h i-cf\"><div class=\"g-cols vc_row via_flex valign_top type_default stacking_default\"><div class=\"vc_col-sm-3 wpb_column vc_column_container\"><div class=\"vc_column-inner\"><div class=\"wpb_wrapper\"><div class=\"g-cols wpb_row via_flex valign_top type_default stacking_default\"><div class=\"vc_col-sm-6 wpb_column vc_column_container\"><div class=\"vc_column-inner\"><div class=\"wpb_wrapper\"><div class=\"wpb_text_column\"><div class=\"wpb_wrapper\"><p>2011<\/p>\n<\/div><\/div><\/div><\/div><\/div><div class=\"vc_col-sm-6 wpb_column vc_column_container\"><div class=\"vc_column-inner\"><div class=\"wpb_wrapper\"><div class=\"w-image style_shadow-1 align_center\"><a ref=\"magnificPopup\" href=\"https:\/\/nitsculturals.cat\/nitsculturals\/wp-content\/uploads\/2018\/01\/2011-768x1551.png\" aria-label=\"2011-768x1551\" class=\"w-image-h\"><img decoding=\"async\" width=\"600\" height=\"1212\" src=\"https:\/\/nitsculturals.cat\/nitsculturals\/wp-content\/uploads\/2018\/01\/2011-768x1551-600x1212.png\" class=\"attachment-us_600_0 size-us_600_0\" alt=\"\" loading=\"lazy\" srcset=\"https:\/\/nitsculturals.cat\/nitsculturals\/wp-content\/uploads\/2018\/01\/2011-768x1551-600x1212.png 600w, https:\/\/nitsculturals.cat\/nitsculturals\/wp-content\/uploads\/2018\/01\/2011-768x1551-149x300.png 149w, https:\/\/nitsculturals.cat\/nitsculturals\/wp-content\/uploads\/2018\/01\/2011-768x1551.png 768w, https:\/\/nitsculturals.cat\/nitsculturals\/wp-content\/uploads\/2018\/01\/2011-768x1551-507x1024.png 507w\" sizes=\"auto, (max-width: 600px) 100vw, 600px\" \/><\/a><\/div><\/div><\/div><\/div><\/div><\/div><\/div><\/div><div class=\"vc_col-sm-3 wpb_column vc_column_container\"><div class=\"vc_column-inner\"><div class=\"wpb_wrapper\"><div class=\"wpb_text_column\"><div class=\"wpb_wrapper\"><p><strong>\u00abBICENTANARI DE FRANZ LISZT\u00bb<\/strong><br \/>\nALBERT GUINOVART, piano<\/p>\n<\/div><\/div><\/div><\/div><\/div><div class=\"vc_col-sm-3 wpb_column vc_column_container\"><div class=\"vc_column-inner\"><div class=\"wpb_wrapper\"><div class=\"wpb_text_column\"><div class=\"wpb_wrapper\"><p><strong>\u00abMA, ME, MI&#8230; MOZART!\u00bb<\/strong><br \/>\nL&#8217;AUDITORI DE BARCELONA<\/p>\n<\/div><\/div><\/div><\/div><\/div><div class=\"vc_col-sm-3 wpb_column vc_column_container\"><div class=\"vc_column-inner\"><div class=\"wpb_wrapper\"><div class=\"wpb_text_column\"><div class=\"wpb_wrapper\"><p><strong>\u00abMARAGALL I EL SEU TEMPS\u00bb<\/strong><br \/>\nCOR DE CAMBRA DEL PALAU DE LA M\u00daSICA CATALANA<\/p>\n<\/div><\/div><\/div><\/div><\/div><\/div><\/div><\/section><section class=\"l-section wpb_row height_auto\"><div class=\"l-section-h i-cf\"><div class=\"g-cols vc_row via_flex valign_middle type_default stacking_default\"><div class=\"vc_col-sm-12 wpb_column vc_column_container\"><div class=\"vc_column-inner\"><div class=\"wpb_wrapper\"><div class=\"w-separator size_small with_line width_30 thick_2 style_solid color_border align_center\"><div class=\"w-separator-h\"><\/div><\/div><\/div><\/div><\/div><\/div><\/div><\/section><section class=\"l-section wpb_row height_auto\"><div class=\"l-section-h i-cf\"><div class=\"g-cols vc_row via_flex valign_top type_default stacking_default\"><div class=\"vc_col-sm-3 wpb_column vc_column_container\"><div class=\"vc_column-inner\"><div class=\"wpb_wrapper\"><div class=\"g-cols wpb_row via_flex valign_top type_default stacking_default\"><div class=\"vc_col-sm-6 wpb_column vc_column_container\"><div class=\"vc_column-inner\"><div class=\"wpb_wrapper\"><div class=\"wpb_text_column\"><div class=\"wpb_wrapper\"><p>2010<\/p>\n<\/div><\/div><\/div><\/div><\/div><div class=\"vc_col-sm-6 wpb_column vc_column_container\"><div class=\"vc_column-inner\"><div class=\"wpb_wrapper\"><div class=\"w-image style_shadow-1 align_center\"><a ref=\"magnificPopup\" href=\"https:\/\/nitsculturals.cat\/nitsculturals\/wp-content\/uploads\/2018\/01\/2010-768x1551.png\" aria-label=\"2010-768x1551\" class=\"w-image-h\"><img decoding=\"async\" width=\"600\" height=\"1212\" src=\"https:\/\/nitsculturals.cat\/nitsculturals\/wp-content\/uploads\/2018\/01\/2010-768x1551-600x1212.png\" class=\"attachment-us_600_0 size-us_600_0\" alt=\"\" loading=\"lazy\" srcset=\"https:\/\/nitsculturals.cat\/nitsculturals\/wp-content\/uploads\/2018\/01\/2010-768x1551-600x1212.png 600w, https:\/\/nitsculturals.cat\/nitsculturals\/wp-content\/uploads\/2018\/01\/2010-768x1551-149x300.png 149w, https:\/\/nitsculturals.cat\/nitsculturals\/wp-content\/uploads\/2018\/01\/2010-768x1551.png 768w, https:\/\/nitsculturals.cat\/nitsculturals\/wp-content\/uploads\/2018\/01\/2010-768x1551-507x1024.png 507w\" sizes=\"auto, (max-width: 600px) 100vw, 600px\" \/><\/a><\/div><\/div><\/div><\/div><\/div><\/div><\/div><\/div><div class=\"vc_col-sm-3 wpb_column vc_column_container\"><div class=\"vc_column-inner\"><div class=\"wpb_wrapper\"><div class=\"wpb_text_column\"><div class=\"wpb_wrapper\"><p><strong>\u00abCLARET PIANO QUARTET\u00bb<\/strong><br \/>\nGerard Claret, viol\u00ed<br \/>\nCristian Ifrim, viola<br \/>\nLlu\u00eds Claret, violoncel<br \/>\nMaruxa Lloente, piano<\/p>\n<\/div><\/div><\/div><\/div><\/div><div class=\"vc_col-sm-3 wpb_column vc_column_container\"><div class=\"vc_column-inner\"><div class=\"wpb_wrapper\"><div class=\"wpb_text_column\"><div class=\"wpb_wrapper\"><p><strong>\u00abGIRASONS\u00bb<\/strong><br \/>\nL&#8217;AUDITORI DE BARCELONA<\/p>\n<\/div><\/div><\/div><\/div><\/div><div class=\"vc_col-sm-3 wpb_column vc_column_container\"><div class=\"vc_column-inner\"><div class=\"wpb_wrapper\"><div class=\"wpb_text_column\"><div class=\"wpb_wrapper\"><p><strong>\u00abGALA DE TENORS\u00bb<\/strong><br \/>\nLeon de la Guardia, tenor<br \/>\nAlex Vicens, tenor<br \/>\nJosep Fad\u00f3, tenor<br \/>\nRicardo Estrada, piano<\/p>\n<\/div><\/div><\/div><\/div><\/div><\/div><\/div><\/section><section class=\"l-section wpb_row height_auto\"><div class=\"l-section-h i-cf\"><div class=\"g-cols vc_row via_flex valign_middle type_default stacking_default\"><div class=\"vc_col-sm-12 wpb_column vc_column_container\"><div class=\"vc_column-inner\"><div class=\"wpb_wrapper\"><div class=\"w-separator size_small with_line width_30 thick_2 style_solid color_border align_center\"><div class=\"w-separator-h\"><\/div><\/div><\/div><\/div><\/div><\/div><\/div><\/section><section class=\"l-section wpb_row height_auto\"><div class=\"l-section-h i-cf\"><div class=\"g-cols vc_row via_flex valign_top type_default stacking_default\"><div class=\"vc_col-sm-3 wpb_column vc_column_container\"><div class=\"vc_column-inner\"><div class=\"wpb_wrapper\"><div class=\"g-cols wpb_row via_flex valign_top type_default stacking_default\"><div class=\"vc_col-sm-6 wpb_column vc_column_container\"><div class=\"vc_column-inner\"><div class=\"wpb_wrapper\"><div class=\"wpb_text_column\"><div class=\"wpb_wrapper\"><p>2009<\/p>\n<\/div><\/div><\/div><\/div><\/div><div class=\"vc_col-sm-6 wpb_column vc_column_container\"><div class=\"vc_column-inner\"><div class=\"wpb_wrapper\"><div class=\"w-image style_shadow-1 align_center\"><a ref=\"magnificPopup\" href=\"https:\/\/nitsculturals.cat\/nitsculturals\/wp-content\/uploads\/2018\/01\/2009-768x1551.png\" aria-label=\"2009-768x1551\" class=\"w-image-h\"><img decoding=\"async\" width=\"600\" height=\"1212\" src=\"https:\/\/nitsculturals.cat\/nitsculturals\/wp-content\/uploads\/2018\/01\/2009-768x1551-600x1212.png\" class=\"attachment-us_600_0 size-us_600_0\" alt=\"\" loading=\"lazy\" srcset=\"https:\/\/nitsculturals.cat\/nitsculturals\/wp-content\/uploads\/2018\/01\/2009-768x1551-600x1212.png 600w, https:\/\/nitsculturals.cat\/nitsculturals\/wp-content\/uploads\/2018\/01\/2009-768x1551-149x300.png 149w, https:\/\/nitsculturals.cat\/nitsculturals\/wp-content\/uploads\/2018\/01\/2009-768x1551.png 768w, https:\/\/nitsculturals.cat\/nitsculturals\/wp-content\/uploads\/2018\/01\/2009-768x1551-507x1024.png 507w\" sizes=\"auto, (max-width: 600px) 100vw, 600px\" \/><\/a><\/div><\/div><\/div><\/div><\/div><\/div><\/div><\/div><div class=\"vc_col-sm-3 wpb_column vc_column_container\"><div class=\"vc_column-inner\"><div class=\"wpb_wrapper\"><div class=\"wpb_text_column\"><div class=\"wpb_wrapper\"><p><strong>\u00abPIANO DUET\u00bb<\/strong><br \/>\nPrograma per a un piano a quatre mans<br \/>\nMarina Rodr\u00edguez Bri\u00e0;<br \/>\nJoan Josep Guti\u00e9rrez;<br \/>\nArtista convidada: Bel\u00e9n Cabanes, ballarina<\/p>\n<\/div><\/div><\/div><\/div><\/div><div class=\"vc_col-sm-3 wpb_column vc_column_container\"><div class=\"vc_column-inner\"><div class=\"wpb_wrapper\"><div class=\"wpb_text_column\"><div class=\"wpb_wrapper\"><p><strong>\u00abEL POBLE DE VENT I DE FUSTA\u00bb<\/strong><br \/>\nL&#8217;AUDITORI DE BARCELONA<\/p>\n<\/div><\/div><\/div><\/div><\/div><div class=\"vc_col-sm-3 wpb_column vc_column_container\"><div class=\"vc_column-inner\"><div class=\"wpb_wrapper\"><div class=\"wpb_text_column\"><div class=\"wpb_wrapper\"><p><strong>\u00abSOLISTES DE L&#8217;ORQUESTRA SIMF\u00d2NICA SANT CUGAT\u00bb<\/strong><br \/>\nPatr\u00edcia de No, flauta travessera<br \/>\n<strong>\u00abLES QUATRE ESTACIONS DE L&#8217;AMOR SEGONS W.SHAKESPEARE\u00bb<\/strong><br \/>\nEmma Vilarasau i Joan Berlanga, actors<\/p>\n<\/div><\/div><\/div><\/div><\/div><\/div><\/div><\/section><section class=\"l-section wpb_row height_auto\"><div class=\"l-section-h i-cf\"><div class=\"g-cols vc_row via_flex valign_middle type_default stacking_default\"><div class=\"vc_col-sm-12 wpb_column vc_column_container\"><div class=\"vc_column-inner\"><div class=\"wpb_wrapper\"><div class=\"w-separator size_small with_line width_30 thick_2 style_solid color_border align_center\"><div class=\"w-separator-h\"><\/div><\/div><\/div><\/div><\/div><\/div><\/div><\/section><section class=\"l-section wpb_row height_auto\"><div class=\"l-section-h i-cf\"><div class=\"g-cols vc_row via_flex valign_top type_default stacking_default\"><div class=\"vc_col-sm-3 wpb_column vc_column_container\"><div class=\"vc_column-inner\"><div class=\"wpb_wrapper\"><div class=\"g-cols wpb_row via_flex valign_top type_default stacking_default\"><div class=\"vc_col-sm-6 wpb_column vc_column_container\"><div class=\"vc_column-inner\"><div class=\"wpb_wrapper\"><div class=\"wpb_text_column\"><div class=\"wpb_wrapper\"><p>2008<\/p>\n<\/div><\/div><\/div><\/div><\/div><div class=\"vc_col-sm-6 wpb_column vc_column_container\"><div class=\"vc_column-inner\"><div class=\"wpb_wrapper\"><div class=\"w-image style_shadow-1 align_center\"><a ref=\"magnificPopup\" href=\"https:\/\/nitsculturals.cat\/nitsculturals\/wp-content\/uploads\/2018\/01\/2008-768x1551.png\" aria-label=\"2008-768x1551\" class=\"w-image-h\"><img decoding=\"async\" width=\"600\" height=\"1212\" src=\"https:\/\/nitsculturals.cat\/nitsculturals\/wp-content\/uploads\/2018\/01\/2008-768x1551-600x1212.png\" class=\"attachment-us_600_0 size-us_600_0\" alt=\"\" loading=\"lazy\" srcset=\"https:\/\/nitsculturals.cat\/nitsculturals\/wp-content\/uploads\/2018\/01\/2008-768x1551-600x1212.png 600w, https:\/\/nitsculturals.cat\/nitsculturals\/wp-content\/uploads\/2018\/01\/2008-768x1551-149x300.png 149w, https:\/\/nitsculturals.cat\/nitsculturals\/wp-content\/uploads\/2018\/01\/2008-768x1551.png 768w, https:\/\/nitsculturals.cat\/nitsculturals\/wp-content\/uploads\/2018\/01\/2008-768x1551-507x1024.png 507w\" sizes=\"auto, (max-width: 600px) 100vw, 600px\" \/><\/a><\/div><\/div><\/div><\/div><\/div><\/div><\/div><\/div><div class=\"vc_col-sm-3 wpb_column vc_column_container\"><div class=\"vc_column-inner\"><div class=\"wpb_wrapper\"><div class=\"wpb_text_column\"><div class=\"wpb_wrapper\"><p><strong>\u00ab\u00c0RIES I DUETS D\u2019\u00d2PERA\u00bb\u00a0<\/strong><br \/>\nDe Mozart a Gershwin<br \/>\nJ\u00falia Farr\u00e9s-Llongueras, soprano<br \/>\nToni Marsol, bar\u00edton<br \/>\nRicardo Estrada, piano<\/p>\n<\/div><\/div><\/div><\/div><\/div><div class=\"vc_col-sm-3 wpb_column vc_column_container\"><div class=\"vc_column-inner\"><div class=\"wpb_wrapper\"><div class=\"wpb_text_column\"><div class=\"wpb_wrapper\"><p><strong>\u00abCORDA I DESCORDA\u00bb<\/strong><br \/>\nL&#8217;AUDITORI DE BARCELONA<\/p>\n<\/div><\/div><\/div><\/div><\/div><div class=\"vc_col-sm-3 wpb_column vc_column_container\"><div class=\"vc_column-inner\"><div class=\"wpb_wrapper\"><div class=\"wpb_text_column\"><div class=\"wpb_wrapper\"><p><strong>\u00abTRIO KANDINSKY Et HARRI M\u00c4KI\u00bb<\/strong><br \/>\nM\u00fasica rom\u00e0ntica per a trio amb clarinet<br \/>\nAmparo Lacruz, violoncel<br \/>\nEmili Brugalla, piano<br \/>\nHarri M\u00e4ki, clarinet<\/p>\n<\/div><\/div><\/div><\/div><\/div><\/div><\/div><\/section><section class=\"l-section wpb_row height_auto\"><div class=\"l-section-h i-cf\"><div class=\"g-cols vc_row via_flex valign_middle type_default stacking_default\"><div class=\"vc_col-sm-12 wpb_column vc_column_container\"><div class=\"vc_column-inner\"><div class=\"wpb_wrapper\"><div class=\"w-separator size_small with_line width_30 thick_2 style_solid color_border align_center\"><div class=\"w-separator-h\"><\/div><\/div><\/div><\/div><\/div><\/div><\/div><\/section><section class=\"l-section wpb_row height_auto\"><div class=\"l-section-h i-cf\"><div class=\"g-cols vc_row via_flex valign_top type_default stacking_default\"><div class=\"vc_col-sm-3 wpb_column vc_column_container\"><div class=\"vc_column-inner\"><div class=\"wpb_wrapper\"><div class=\"g-cols wpb_row via_flex valign_top type_default stacking_default\"><div class=\"vc_col-sm-6 wpb_column vc_column_container\"><div class=\"vc_column-inner\"><div class=\"wpb_wrapper\"><div class=\"wpb_text_column\"><div class=\"wpb_wrapper\"><p>2007<\/p>\n<\/div><\/div><\/div><\/div><\/div><div class=\"vc_col-sm-6 wpb_column vc_column_container\"><div class=\"vc_column-inner\"><div class=\"wpb_wrapper\"><div class=\"w-image style_shadow-1 align_center\"><a ref=\"magnificPopup\" href=\"https:\/\/nitsculturals.cat\/nitsculturals\/wp-content\/uploads\/2018\/01\/2007-768x1551.png\" aria-label=\"2007-768x1551\" class=\"w-image-h\"><img decoding=\"async\" width=\"600\" height=\"1212\" src=\"https:\/\/nitsculturals.cat\/nitsculturals\/wp-content\/uploads\/2018\/01\/2007-768x1551-600x1212.png\" class=\"attachment-us_600_0 size-us_600_0\" alt=\"\" loading=\"lazy\" srcset=\"https:\/\/nitsculturals.cat\/nitsculturals\/wp-content\/uploads\/2018\/01\/2007-768x1551-600x1212.png 600w, https:\/\/nitsculturals.cat\/nitsculturals\/wp-content\/uploads\/2018\/01\/2007-768x1551-149x300.png 149w, https:\/\/nitsculturals.cat\/nitsculturals\/wp-content\/uploads\/2018\/01\/2007-768x1551.png 768w, https:\/\/nitsculturals.cat\/nitsculturals\/wp-content\/uploads\/2018\/01\/2007-768x1551-507x1024.png 507w\" sizes=\"auto, (max-width: 600px) 100vw, 600px\" \/><\/a><\/div><\/div><\/div><\/div><\/div><\/div><\/div><\/div><div class=\"vc_col-sm-3 wpb_column vc_column_container\"><div class=\"vc_column-inner\"><div class=\"wpb_wrapper\"><div class=\"wpb_text_column\"><div class=\"wpb_wrapper\"><p><strong>\u00abCORAL CANTIGA\u00bb<\/strong><br \/>\nObres de Vivancos, Piazzolla i Palmeri<br \/>\nDirector Josep Prats<\/p>\n<\/div><\/div><\/div><\/div><\/div><div class=\"vc_col-sm-3 wpb_column vc_column_container\"><div class=\"vc_column-inner\"><div class=\"wpb_wrapper\"><div class=\"wpb_text_column\"><div class=\"wpb_wrapper\"><p><strong>\u00abWIMOWEH\u00bb<\/strong><br \/>\nEls camins de la veu<br \/>\nL&#8217;AUDITORI DE BARCELONA<\/p>\n<\/div><\/div><\/div><\/div><\/div><div class=\"vc_col-sm-3 wpb_column vc_column_container\"><div class=\"vc_column-inner\"><div class=\"wpb_wrapper\"><div class=\"wpb_text_column\"><div class=\"wpb_wrapper\"><p><strong>\u00abORQUESTRA DE CAMBRA DEL GRAN TEATRE DEL LICEU\u00bb<\/strong><br \/>\nObres d\u2019Alfred Schnittke, Wolfang Amadeus Mozart, Vivaldi i Piazzolla<br \/>\nCatherine Ordronneau, piani<br \/>\nKai Gleusteen, concertino \u2013 director<\/p>\n<\/div><\/div><\/div><\/div><\/div><\/div><\/div><\/section><section class=\"l-section wpb_row height_auto\"><div class=\"l-section-h i-cf\"><div class=\"g-cols vc_row via_flex valign_middle type_default stacking_default\"><div class=\"vc_col-sm-12 wpb_column vc_column_container\"><div class=\"vc_column-inner\"><div class=\"wpb_wrapper\"><div class=\"w-separator size_small with_line width_30 thick_2 style_solid color_border align_center\"><div class=\"w-separator-h\"><\/div><\/div><\/div><\/div><\/div><\/div><\/div><\/section><section class=\"l-section wpb_row height_auto\"><div class=\"l-section-h i-cf\"><div class=\"g-cols vc_row via_flex valign_top type_default stacking_default\"><div class=\"vc_col-sm-3 wpb_column vc_column_container\"><div class=\"vc_column-inner\"><div class=\"wpb_wrapper\"><div class=\"g-cols wpb_row via_flex valign_top type_default stacking_default\"><div class=\"vc_col-sm-6 wpb_column vc_column_container\"><div class=\"vc_column-inner\"><div class=\"wpb_wrapper\"><div class=\"wpb_text_column\"><div class=\"wpb_wrapper\"><p>2006<\/p>\n<\/div><\/div><\/div><\/div><\/div><div class=\"vc_col-sm-6 wpb_column vc_column_container\"><div class=\"vc_column-inner\"><div class=\"wpb_wrapper\"><div class=\"w-image style_shadow-1 align_center\"><a ref=\"magnificPopup\" href=\"https:\/\/nitsculturals.cat\/nitsculturals\/wp-content\/uploads\/2018\/01\/2006-768x1551.png\" aria-label=\"2006-768x1551\" class=\"w-image-h\"><img decoding=\"async\" width=\"600\" height=\"1212\" src=\"https:\/\/nitsculturals.cat\/nitsculturals\/wp-content\/uploads\/2018\/01\/2006-768x1551-600x1212.png\" class=\"attachment-us_600_0 size-us_600_0\" alt=\"\" loading=\"lazy\" srcset=\"https:\/\/nitsculturals.cat\/nitsculturals\/wp-content\/uploads\/2018\/01\/2006-768x1551-600x1212.png 600w, https:\/\/nitsculturals.cat\/nitsculturals\/wp-content\/uploads\/2018\/01\/2006-768x1551-149x300.png 149w, https:\/\/nitsculturals.cat\/nitsculturals\/wp-content\/uploads\/2018\/01\/2006-768x1551.png 768w, https:\/\/nitsculturals.cat\/nitsculturals\/wp-content\/uploads\/2018\/01\/2006-768x1551-507x1024.png 507w\" sizes=\"auto, (max-width: 600px) 100vw, 600px\" \/><\/a><\/div><\/div><\/div><\/div><\/div><\/div><\/div><\/div><div class=\"vc_col-sm-3 wpb_column vc_column_container\"><div class=\"vc_column-inner\"><div class=\"wpb_wrapper\"><div class=\"wpb_text_column\"><div class=\"wpb_wrapper\"><p><strong>\u00ab\u00d2PERA A QUATRE\u00bb<\/strong><br \/>\n<strong>\u00d2PERA DE CAMBRA DE SANT CUGAT<\/strong><br \/>\nMariona Benet, soprano<br \/>\nMontserrat Torruella, mezzosoprano<br \/>\nJosep Ru\u00eds, tenor<br \/>\nToni Marsol, bar\u00edton<br \/>\nEloi Jover, piano<\/p>\n<\/div><\/div><\/div><\/div><\/div><div class=\"vc_col-sm-3 wpb_column vc_column_container\"><div class=\"vc_column-inner\"><div class=\"wpb_wrapper\"><div class=\"wpb_text_column\"><div class=\"wpb_wrapper\"><p><strong>\u00abELS COLORS DELS METALLS\u00bb<\/strong><br \/>\nL&#8217;AUDITORI DE BARCELONA<\/p>\n<\/div><\/div><\/div><\/div><\/div><div class=\"vc_col-sm-3 wpb_column vc_column_container\"><div class=\"vc_column-inner\"><div class=\"wpb_wrapper\"><div class=\"wpb_text_column\"><div class=\"wpb_wrapper\"><p><strong>\u00ab\u00c0NIMA NUA \u201cCL\u00c1SICA&#8230; POR CASTA\u00d1UELAS\u201d <\/strong><br \/>\nDANSA, CASTANYOLES, VIOLONCEL I PIANO.<br \/>\nBel\u00e9n Cabanes, ballarina i castanyoletista<br \/>\nAnna Mora, violoncel\u00b7lista<br \/>\nMarina Rodriguez Bri\u00e0, pianista<\/p>\n<\/div><\/div><\/div><\/div><\/div><\/div><\/div><\/section><section class=\"l-section wpb_row height_auto\"><div class=\"l-section-h i-cf\"><div class=\"g-cols vc_row via_flex valign_middle type_default stacking_default\"><div class=\"vc_col-sm-12 wpb_column vc_column_container\"><div class=\"vc_column-inner\"><div class=\"wpb_wrapper\"><div class=\"w-separator size_small with_line width_30 thick_2 style_solid color_border align_center\"><div class=\"w-separator-h\"><\/div><\/div><\/div><\/div><\/div><\/div><\/div><\/section><section class=\"l-section wpb_row height_auto\"><div class=\"l-section-h i-cf\"><div class=\"g-cols vc_row via_flex valign_top type_default stacking_default\"><div class=\"vc_col-sm-3 wpb_column vc_column_container\"><div class=\"vc_column-inner\"><div class=\"wpb_wrapper\"><div class=\"g-cols wpb_row via_flex valign_top type_default stacking_default\"><div class=\"vc_col-sm-6 wpb_column vc_column_container\"><div class=\"vc_column-inner\"><div class=\"wpb_wrapper\"><div class=\"wpb_text_column\"><div class=\"wpb_wrapper\"><p>2002<\/p>\n<\/div><\/div><\/div><\/div><\/div><div class=\"vc_col-sm-6 wpb_column vc_column_container\"><div class=\"vc_column-inner\"><div class=\"wpb_wrapper\"><div class=\"w-image style_shadow-1 align_center\"><a ref=\"magnificPopup\" href=\"https:\/\/nitsculturals.cat\/nitsculturals\/wp-content\/uploads\/2018\/01\/2002-768x1551.png\" aria-label=\"2002-768x1551\" class=\"w-image-h\"><img decoding=\"async\" width=\"600\" height=\"1212\" src=\"https:\/\/nitsculturals.cat\/nitsculturals\/wp-content\/uploads\/2018\/01\/2002-768x1551-600x1212.png\" class=\"attachment-us_600_0 size-us_600_0\" alt=\"\" loading=\"lazy\" srcset=\"https:\/\/nitsculturals.cat\/nitsculturals\/wp-content\/uploads\/2018\/01\/2002-768x1551-600x1212.png 600w, https:\/\/nitsculturals.cat\/nitsculturals\/wp-content\/uploads\/2018\/01\/2002-768x1551-149x300.png 149w, https:\/\/nitsculturals.cat\/nitsculturals\/wp-content\/uploads\/2018\/01\/2002-768x1551.png 768w, https:\/\/nitsculturals.cat\/nitsculturals\/wp-content\/uploads\/2018\/01\/2002-768x1551-507x1024.png 507w\" sizes=\"auto, (max-width: 600px) 100vw, 600px\" \/><\/a><\/div><\/div><\/div><\/div><\/div><\/div><\/div><\/div><div class=\"vc_col-sm-3 wpb_column vc_column_container\"><div class=\"vc_column-inner\"><div class=\"wpb_wrapper\"><div class=\"wpb_text_column\"><div class=\"wpb_wrapper\"><p><strong>\u00abDido &amp; Aeneas\u00bb<\/strong><br \/>\n\u00d2pera en tres actes<br \/>\nCor Aurica<br \/>\nCamerata Aurica<br \/>\nFrederic Oller, direcci\u00f3<\/p>\n<\/div><\/div><\/div><\/div><\/div><div class=\"vc_col-sm-3 wpb_column vc_column_container\"><div class=\"vc_column-inner\"><div class=\"wpb_wrapper\"><div class=\"wpb_text_column\"><div class=\"wpb_wrapper\"><p><strong>\u00abEl cello va de Jazz\u00bb<\/strong><br \/>\nLito Iglesias; Jordi Vilaprinyo; Quartet de Jazz<\/p>\n<\/div><\/div><\/div><\/div><\/div><div class=\"vc_col-sm-3 wpb_column vc_column_container\"><div class=\"vc_column-inner\"><div class=\"wpb_wrapper\"><div class=\"wpb_text_column\"><div class=\"wpb_wrapper\"><p><strong>Orquestra Naciona de Cambra d&#8217;Andorra<\/strong><br \/>\nGerar Claret, Concertino-director; Llu\u00eds Claret, violoncel<\/p>\n<\/div><\/div><\/div><\/div><\/div><\/div><\/div><\/section><section class=\"l-section wpb_row height_auto\"><div class=\"l-section-h i-cf\"><div class=\"g-cols vc_row via_flex valign_middle type_default stacking_default\"><div class=\"vc_col-sm-12 wpb_column vc_column_container\"><div class=\"vc_column-inner\"><div class=\"wpb_wrapper\"><div class=\"w-separator size_small with_line width_30 thick_2 style_solid color_border align_center\"><div class=\"w-separator-h\"><\/div><\/div><\/div><\/div><\/div><\/div><\/div><\/section><section class=\"l-section wpb_row height_auto\"><div class=\"l-section-h i-cf\"><div class=\"g-cols vc_row via_flex valign_top type_default stacking_default\"><div class=\"vc_col-sm-3 wpb_column vc_column_container\"><div class=\"vc_column-inner\"><div class=\"wpb_wrapper\"><div class=\"g-cols wpb_row via_flex valign_top type_default stacking_default\"><div class=\"vc_col-sm-6 wpb_column vc_column_container\"><div class=\"vc_column-inner\"><div class=\"wpb_wrapper\"><div class=\"wpb_text_column\"><div class=\"wpb_wrapper\"><p>2001<\/p>\n<\/div><\/div><\/div><\/div><\/div><div class=\"vc_col-sm-6 wpb_column vc_column_container\"><div class=\"vc_column-inner\"><div class=\"wpb_wrapper\"><div class=\"w-image style_shadow-1 align_center\"><a ref=\"magnificPopup\" href=\"https:\/\/nitsculturals.cat\/nitsculturals\/wp-content\/uploads\/2018\/01\/2001-768x1551.png\" aria-label=\"2001-768x1551\" class=\"w-image-h\"><img decoding=\"async\" width=\"600\" height=\"1212\" src=\"https:\/\/nitsculturals.cat\/nitsculturals\/wp-content\/uploads\/2018\/01\/2001-768x1551-600x1212.png\" class=\"attachment-us_600_0 size-us_600_0\" alt=\"\" loading=\"lazy\" srcset=\"https:\/\/nitsculturals.cat\/nitsculturals\/wp-content\/uploads\/2018\/01\/2001-768x1551-600x1212.png 600w, https:\/\/nitsculturals.cat\/nitsculturals\/wp-content\/uploads\/2018\/01\/2001-768x1551-149x300.png 149w, https:\/\/nitsculturals.cat\/nitsculturals\/wp-content\/uploads\/2018\/01\/2001-768x1551.png 768w, https:\/\/nitsculturals.cat\/nitsculturals\/wp-content\/uploads\/2018\/01\/2001-768x1551-507x1024.png 507w\" sizes=\"auto, (max-width: 600px) 100vw, 600px\" \/><\/a><\/div><\/div><\/div><\/div><\/div><\/div><\/div><\/div><div class=\"vc_col-sm-3 wpb_column vc_column_container\"><div class=\"vc_column-inner\"><div class=\"wpb_wrapper\"><div class=\"wpb_text_column\"><div class=\"wpb_wrapper\"><p><strong>\u00abLa Petita Flauta M\u00e0gica\u00bb<\/strong><br \/>\nW.A. Mozart<br \/>\nAdaptaci\u00f3\/producci\u00f3 Comediants<br \/>\nProduccio Gran Teatre del Liceu<\/p>\n<\/div><\/div><\/div><\/div><\/div><div class=\"vc_col-sm-3 wpb_column vc_column_container\"><div class=\"vc_column-inner\"><div class=\"wpb_wrapper\"><div class=\"wpb_text_column\"><div class=\"wpb_wrapper\"><p><strong>\u00abBon profit\u00bb<\/strong><br \/>\nPercusi\u00f3 de butxaca<\/p>\n<\/div><\/div><\/div><\/div><\/div><div class=\"vc_col-sm-3 wpb_column vc_column_container\"><div class=\"vc_column-inner\"><div class=\"wpb_wrapper\"><div class=\"wpb_text_column\"><div class=\"wpb_wrapper\"><p><strong>\u00abLieder C\u00e0mera (Cor de cambra)\u00bb<\/strong><br \/>\nObres per a cor i piano<br \/>\nOrquestra Camerata Mozart<br \/>\nDirecci\u00f3 Josep Vila i Casa\u00f1as<\/p>\n<\/div><\/div><\/div><\/div><\/div><\/div><\/div><\/section><section class=\"l-section wpb_row height_auto\"><div class=\"l-section-h i-cf\"><div class=\"g-cols vc_row via_flex valign_middle type_default stacking_default\"><div class=\"vc_col-sm-12 wpb_column vc_column_container\"><div class=\"vc_column-inner\"><div class=\"wpb_wrapper\"><div class=\"w-separator size_small with_line width_30 thick_2 style_solid color_border align_center\"><div class=\"w-separator-h\"><\/div><\/div><\/div><\/div><\/div><\/div><\/div><\/section><section class=\"l-section wpb_row height_auto\"><div class=\"l-section-h i-cf\"><div class=\"g-cols vc_row via_flex valign_top type_default stacking_default\"><div class=\"vc_col-sm-3 wpb_column vc_column_container\"><div class=\"vc_column-inner\"><div class=\"wpb_wrapper\"><div class=\"g-cols wpb_row via_flex valign_top type_default stacking_default\"><div class=\"vc_col-sm-6 wpb_column vc_column_container\"><div class=\"vc_column-inner\"><div class=\"wpb_wrapper\"><div class=\"wpb_text_column\"><div class=\"wpb_wrapper\"><p>2000<\/p>\n<\/div><\/div><\/div><\/div><\/div><div class=\"vc_col-sm-6 wpb_column vc_column_container\"><div class=\"vc_column-inner\"><div class=\"wpb_wrapper\"><div class=\"w-image style_shadow-1 align_center\"><a ref=\"magnificPopup\" href=\"https:\/\/nitsculturals.cat\/nitsculturals\/wp-content\/uploads\/2018\/01\/2000-768x1551.png\" aria-label=\"2000-768x1551\" class=\"w-image-h\"><img decoding=\"async\" width=\"600\" height=\"1212\" src=\"https:\/\/nitsculturals.cat\/nitsculturals\/wp-content\/uploads\/2018\/01\/2000-768x1551-600x1212.png\" class=\"attachment-us_600_0 size-us_600_0\" alt=\"\" loading=\"lazy\" srcset=\"https:\/\/nitsculturals.cat\/nitsculturals\/wp-content\/uploads\/2018\/01\/2000-768x1551-600x1212.png 600w, https:\/\/nitsculturals.cat\/nitsculturals\/wp-content\/uploads\/2018\/01\/2000-768x1551-149x300.png 149w, https:\/\/nitsculturals.cat\/nitsculturals\/wp-content\/uploads\/2018\/01\/2000-768x1551.png 768w, https:\/\/nitsculturals.cat\/nitsculturals\/wp-content\/uploads\/2018\/01\/2000-768x1551-507x1024.png 507w\" sizes=\"auto, (max-width: 600px) 100vw, 600px\" \/><\/a><\/div><\/div><\/div><\/div><\/div><\/div><\/div><\/div><div class=\"vc_col-sm-3 wpb_column vc_column_container\"><div class=\"vc_column-inner\"><div class=\"wpb_wrapper\"><div class=\"wpb_text_column\"><div class=\"wpb_wrapper\"><p><strong>\u00abDel Barroc al Bel Canto\u00bb<\/strong><br \/>\nAnnick Massis, soprano; Vladislav Bronevetzky, piano<\/p>\n<\/div><\/div><\/div><\/div><\/div><div class=\"vc_col-sm-3 wpb_column vc_column_container\"><div class=\"vc_column-inner\"><div class=\"wpb_wrapper\"><div class=\"wpb_text_column\"><div class=\"wpb_wrapper\"><p><strong>\u00abSi fem vent, divertiment\u00bb<\/strong><br \/>\nSolistes de l&#8217;Orquestra Academica de Val\u00e8ncia<br \/>\nRafel Esteve, animador; Joan Enrich Lluna, director<\/p>\n<\/div><\/div><\/div><\/div><\/div><div class=\"vc_col-sm-3 wpb_column vc_column_container\"><div class=\"vc_column-inner\"><div class=\"wpb_wrapper\"><div class=\"wpb_text_column\"><div class=\"wpb_wrapper\"><p><strong>\u00abOrquestra Acad\u00e8mica de Val\u00e8ncia\u00bb<\/strong><br \/>\nJoan Enric Lluna, clarinet solista i director<\/p>\n<\/div><\/div><\/div><\/div><\/div><\/div><\/div><\/section><section class=\"l-section wpb_row height_auto\"><div class=\"l-section-h i-cf\"><div class=\"g-cols vc_row via_flex valign_middle type_default stacking_default\"><div class=\"vc_col-sm-12 wpb_column vc_column_container\"><div class=\"vc_column-inner\"><div class=\"wpb_wrapper\"><div class=\"w-separator size_small with_line width_30 thick_2 style_solid color_border align_center\"><div class=\"w-separator-h\"><\/div><\/div><\/div><\/div><\/div><\/div><\/div><\/section><section class=\"l-section wpb_row height_auto\"><div class=\"l-section-h i-cf\"><div class=\"g-cols vc_row via_flex valign_top type_default stacking_default\"><div class=\"vc_col-sm-3 wpb_column vc_column_container\"><div class=\"vc_column-inner\"><div class=\"wpb_wrapper\"><div class=\"g-cols wpb_row via_flex valign_top type_default stacking_default\"><div class=\"vc_col-sm-6 wpb_column vc_column_container\"><div class=\"vc_column-inner\"><div class=\"wpb_wrapper\"><div class=\"wpb_text_column\"><div class=\"wpb_wrapper\"><p>1999<\/p>\n<\/div><\/div><\/div><\/div><\/div><div class=\"vc_col-sm-6 wpb_column vc_column_container\"><div class=\"vc_column-inner\"><div class=\"wpb_wrapper\"><div class=\"w-image style_shadow-1 align_center\"><a ref=\"magnificPopup\" href=\"https:\/\/nitsculturals.cat\/nitsculturals\/wp-content\/uploads\/2018\/01\/1999-768x1551.png\" aria-label=\"1999-768x1551\" class=\"w-image-h\"><img decoding=\"async\" width=\"600\" height=\"1212\" src=\"https:\/\/nitsculturals.cat\/nitsculturals\/wp-content\/uploads\/2018\/01\/1999-768x1551-600x1212.png\" class=\"attachment-us_600_0 size-us_600_0\" alt=\"\" loading=\"lazy\" srcset=\"https:\/\/nitsculturals.cat\/nitsculturals\/wp-content\/uploads\/2018\/01\/1999-768x1551-600x1212.png 600w, https:\/\/nitsculturals.cat\/nitsculturals\/wp-content\/uploads\/2018\/01\/1999-768x1551-149x300.png 149w, https:\/\/nitsculturals.cat\/nitsculturals\/wp-content\/uploads\/2018\/01\/1999-768x1551.png 768w, https:\/\/nitsculturals.cat\/nitsculturals\/wp-content\/uploads\/2018\/01\/1999-768x1551-507x1024.png 507w\" sizes=\"auto, (max-width: 600px) 100vw, 600px\" \/><\/a><\/div><\/div><\/div><\/div><\/div><\/div><\/div><\/div><div class=\"vc_col-sm-3 wpb_column vc_column_container\"><div class=\"vc_column-inner\"><div class=\"wpb_wrapper\"><div class=\"wpb_text_column\"><div class=\"wpb_wrapper\"><p><strong>\u00abM\u00fasica de cambra &#8211; Barcelona Collage\u00bb<\/strong><br \/>\nSergi Alpiste, viol\u00ed; Bernat Bofarull, viola; Arnau Tom\u00e0s, violoncel; Jonathan Camps, contrabaix; Daniel Ligorio, piano<\/p>\n<\/div><\/div><\/div><\/div><\/div><div class=\"vc_col-sm-3 wpb_column vc_column_container\"><div class=\"vc_column-inner\"><div class=\"wpb_wrapper\"><div class=\"wpb_text_column\"><div class=\"wpb_wrapper\"><p><strong>\u00abDanses i ritmes tradicionals de l&#8217;\u00c0frica Occidental\u00bb<\/strong><br \/>\nCae Ma Deila<\/p>\n<\/div><\/div><\/div><\/div><\/div><div class=\"vc_col-sm-3 wpb_column vc_column_container\"><div class=\"vc_column-inner\"><div class=\"wpb_wrapper\"><div class=\"wpb_text_column\"><div class=\"wpb_wrapper\"><p><strong>\u00abPetite Messe Solennelle\u00bb<\/strong><br \/>\nGioacchino Rossini (1792-1868<br \/>\nCoral Cantiga<\/p>\n<\/div><\/div><\/div><\/div><\/div><\/div><\/div><\/section><section class=\"l-section wpb_row height_auto\"><div class=\"l-section-h i-cf\"><div class=\"g-cols vc_row via_flex valign_middle type_default stacking_default\"><div class=\"vc_col-sm-12 wpb_column vc_column_container\"><div class=\"vc_column-inner\"><div class=\"wpb_wrapper\"><div class=\"w-separator size_small with_line width_30 thick_2 style_solid color_border align_center\"><div class=\"w-separator-h\"><\/div><\/div><\/div><\/div><\/div><\/div><\/div><\/section><section class=\"l-section wpb_row height_auto\"><div class=\"l-section-h i-cf\"><div class=\"g-cols vc_row via_flex valign_top type_default stacking_default\"><div class=\"vc_col-sm-3 wpb_column vc_column_container\"><div class=\"vc_column-inner\"><div class=\"wpb_wrapper\"><div class=\"g-cols wpb_row via_flex valign_top type_default stacking_default\"><div class=\"vc_col-sm-6 wpb_column vc_column_container\"><div class=\"vc_column-inner\"><div class=\"wpb_wrapper\"><div class=\"wpb_text_column\"><div class=\"wpb_wrapper\"><p>1998<\/p>\n<\/div><\/div><\/div><\/div><\/div><div class=\"vc_col-sm-6 wpb_column vc_column_container\"><div class=\"vc_column-inner\"><div class=\"wpb_wrapper\"><div class=\"w-image style_shadow-1 align_center\"><a ref=\"magnificPopup\" href=\"https:\/\/nitsculturals.cat\/nitsculturals\/wp-content\/uploads\/2018\/01\/1998-768x1551.png\" aria-label=\"1998-768x1551\" class=\"w-image-h\"><img decoding=\"async\" width=\"600\" height=\"1212\" src=\"https:\/\/nitsculturals.cat\/nitsculturals\/wp-content\/uploads\/2018\/01\/1998-768x1551-600x1212.png\" class=\"attachment-us_600_0 size-us_600_0\" alt=\"\" loading=\"lazy\" srcset=\"https:\/\/nitsculturals.cat\/nitsculturals\/wp-content\/uploads\/2018\/01\/1998-768x1551-600x1212.png 600w, https:\/\/nitsculturals.cat\/nitsculturals\/wp-content\/uploads\/2018\/01\/1998-768x1551-149x300.png 149w, https:\/\/nitsculturals.cat\/nitsculturals\/wp-content\/uploads\/2018\/01\/1998-768x1551.png 768w, https:\/\/nitsculturals.cat\/nitsculturals\/wp-content\/uploads\/2018\/01\/1998-768x1551-507x1024.png 507w\" sizes=\"auto, (max-width: 600px) 100vw, 600px\" \/><\/a><\/div><\/div><\/div><\/div><\/div><\/div><\/div><\/div><div class=\"vc_col-sm-3 wpb_column vc_column_container\"><div class=\"vc_column-inner\"><div class=\"wpb_wrapper\"><div class=\"wpb_text_column\"><div class=\"wpb_wrapper\"><p><strong>\u00abVetllada Garc\u00eda Lorca\u00bb<\/strong><br \/>\nAlma Ausente<br \/>\nCoral Cantiga, producci\u00f3<\/p>\n<\/div><\/div><\/div><\/div><\/div><div class=\"vc_col-sm-3 wpb_column vc_column_container\"><div class=\"vc_column-inner\"><div class=\"wpb_wrapper\"><div class=\"wpb_text_column\"><div class=\"wpb_wrapper\"><p><strong>\u00abThe Big Wash Cycle (La gran bugada)\u00bb<\/strong><br \/>\nAlec Roth, m\u00fasica; Jo Shapcott, text; Jordi Ricart, bar\u00edton; Albert Gum\u00ed, clarinet i presentaci\u00f3; Lito Iglesias, violoncel; Jordi Vilapriny\u00f3, piano<\/p>\n<\/div><\/div><\/div><\/div><\/div><div class=\"vc_col-sm-3 wpb_column vc_column_container\"><div class=\"vc_column-inner\"><div class=\"wpb_wrapper\"><div class=\"wpb_text_column\"><div class=\"wpb_wrapper\"><p><strong>\u00abRecital d&#8217;\u00d2pera\u00bb<\/strong><br \/>\nMireia Pint\u00f3, mezzosoprano; ladislav Bronevetzky, piano<\/p>\n<\/div><\/div><\/div><\/div><\/div><\/div><\/div><\/section><section class=\"l-section wpb_row height_auto\"><div class=\"l-section-h i-cf\"><div class=\"g-cols vc_row via_flex valign_middle type_default stacking_default\"><div class=\"vc_col-sm-12 wpb_column vc_column_container\"><div class=\"vc_column-inner\"><div class=\"wpb_wrapper\"><div class=\"w-separator size_small with_line width_30 thick_2 style_solid color_border align_center\"><div class=\"w-separator-h\"><\/div><\/div><\/div><\/div><\/div><\/div><\/div><\/section><section class=\"l-section wpb_row height_auto\"><div class=\"l-section-h i-cf\"><div class=\"g-cols vc_row via_flex valign_top type_default stacking_default\"><div class=\"vc_col-sm-3 wpb_column vc_column_container\"><div class=\"vc_column-inner\"><div class=\"wpb_wrapper\"><div class=\"g-cols wpb_row via_flex valign_top type_default stacking_default\"><div class=\"vc_col-sm-6 wpb_column vc_column_container\"><div class=\"vc_column-inner\"><div class=\"wpb_wrapper\"><div class=\"wpb_text_column\"><div class=\"wpb_wrapper\"><p>1997<\/p>\n<\/div><\/div><\/div><\/div><\/div><div class=\"vc_col-sm-6 wpb_column vc_column_container\"><div class=\"vc_column-inner\"><div class=\"wpb_wrapper\"><div class=\"w-image style_shadow-1 align_center\"><a ref=\"magnificPopup\" href=\"https:\/\/nitsculturals.cat\/nitsculturals\/wp-content\/uploads\/2018\/01\/1997-768x1551.png\" aria-label=\"1997-768x1551\" class=\"w-image-h\"><img decoding=\"async\" width=\"600\" height=\"1212\" src=\"https:\/\/nitsculturals.cat\/nitsculturals\/wp-content\/uploads\/2018\/01\/1997-768x1551-600x1212.png\" class=\"attachment-us_600_0 size-us_600_0\" alt=\"\" loading=\"lazy\" srcset=\"https:\/\/nitsculturals.cat\/nitsculturals\/wp-content\/uploads\/2018\/01\/1997-768x1551-600x1212.png 600w, https:\/\/nitsculturals.cat\/nitsculturals\/wp-content\/uploads\/2018\/01\/1997-768x1551-149x300.png 149w, https:\/\/nitsculturals.cat\/nitsculturals\/wp-content\/uploads\/2018\/01\/1997-768x1551.png 768w, https:\/\/nitsculturals.cat\/nitsculturals\/wp-content\/uploads\/2018\/01\/1997-768x1551-507x1024.png 507w\" sizes=\"auto, (max-width: 600px) 100vw, 600px\" \/><\/a><\/div><\/div><\/div><\/div><\/div><\/div><\/div><\/div><div class=\"vc_col-sm-3 wpb_column vc_column_container\"><div class=\"vc_column-inner\"><div class=\"wpb_wrapper\"><div class=\"wpb_text_column\"><div class=\"wpb_wrapper\"><p><strong>\u00abQuartet catal\u00f2nia 4\u00bb<\/strong><br \/>\nSantiago juan, viol\u00ed; Jos\u00e9 Enrique Tarrass\u00f3, viol\u00ed, Ulrique Jansen, viola; Anna Mora, violoncel, col\u00b7laboraci\u00f3 de Llu\u00eds Claret, violoncel<\/p>\n<\/div><\/div><\/div><\/div><\/div><div class=\"vc_col-sm-3 wpb_column vc_column_container\"><div class=\"vc_column-inner\"><div class=\"wpb_wrapper\"><div class=\"wpb_text_column\"><div class=\"wpb_wrapper\"><p><strong>\u00abPercussi\u00f3 de Butxaca\u00bb<\/strong><br \/>\nEzequiel Guillen; Ferran Armengol; Robert Armengol; Pilar Subir\u00e0 i Fede Giberga<\/p>\n<\/div><\/div><\/div><\/div><\/div><div class=\"vc_col-sm-3 wpb_column vc_column_container\"><div class=\"vc_column-inner\"><div class=\"wpb_wrapper\"><div class=\"wpb_text_column\"><div class=\"wpb_wrapper\"><p><strong>\u00abShubert\u00edada\u00bb<\/strong><br \/>\nMaria Llu\u00efsa Montada, soprano; Albert Guinovart, piano; Marie Varnier, viola i Larry Passin, clarinet<\/p>\n<\/div><\/div><\/div><\/div><\/div><\/div><\/div><\/section><section class=\"l-section wpb_row height_auto\"><div class=\"l-section-h i-cf\"><div class=\"g-cols vc_row via_flex valign_middle type_default stacking_default\"><div class=\"vc_col-sm-12 wpb_column vc_column_container\"><div class=\"vc_column-inner\"><div class=\"wpb_wrapper\"><div class=\"w-separator size_small with_line width_30 thick_2 style_solid color_border align_center\"><div class=\"w-separator-h\"><\/div><\/div><\/div><\/div><\/div><\/div><\/div><\/section><section class=\"l-section wpb_row height_auto\"><div class=\"l-section-h i-cf\"><div class=\"g-cols vc_row via_flex valign_top type_default stacking_default\"><div class=\"vc_col-sm-3 wpb_column vc_column_container\"><div class=\"vc_column-inner\"><div class=\"wpb_wrapper\"><div class=\"g-cols wpb_row via_flex valign_top type_default stacking_default\"><div class=\"vc_col-sm-6 wpb_column vc_column_container\"><div class=\"vc_column-inner\"><div class=\"wpb_wrapper\"><div class=\"wpb_text_column\"><div class=\"wpb_wrapper\"><p>1996<\/p>\n<\/div><\/div><\/div><\/div><\/div><div class=\"vc_col-sm-6 wpb_column vc_column_container\"><div class=\"vc_column-inner\"><div class=\"wpb_wrapper\"><div class=\"w-image style_shadow-1 align_center\"><a ref=\"magnificPopup\" href=\"https:\/\/nitsculturals.cat\/nitsculturals\/wp-content\/uploads\/2018\/01\/1996-768x1551.png\" aria-label=\"1996-768x1551\" class=\"w-image-h\"><img decoding=\"async\" width=\"600\" height=\"1212\" src=\"https:\/\/nitsculturals.cat\/nitsculturals\/wp-content\/uploads\/2018\/01\/1996-768x1551-600x1212.png\" class=\"attachment-us_600_0 size-us_600_0\" alt=\"\" loading=\"lazy\" srcset=\"https:\/\/nitsculturals.cat\/nitsculturals\/wp-content\/uploads\/2018\/01\/1996-768x1551-600x1212.png 600w, https:\/\/nitsculturals.cat\/nitsculturals\/wp-content\/uploads\/2018\/01\/1996-768x1551-149x300.png 149w, https:\/\/nitsculturals.cat\/nitsculturals\/wp-content\/uploads\/2018\/01\/1996-768x1551.png 768w, https:\/\/nitsculturals.cat\/nitsculturals\/wp-content\/uploads\/2018\/01\/1996-768x1551-507x1024.png 507w\" sizes=\"auto, (max-width: 600px) 100vw, 600px\" \/><\/a><\/div><\/div><\/div><\/div><\/div><\/div><\/div><\/div><div class=\"vc_col-sm-3 wpb_column vc_column_container\"><div class=\"vc_column-inner\"><div class=\"wpb_wrapper\"><div class=\"wpb_text_column\"><div class=\"wpb_wrapper\"><p><strong>Llu\u00eds Claret<\/strong>, violoncel<br \/>\ni <strong>Josep Maria Colom<\/strong>, piano<\/p>\n<\/div><\/div><\/div><\/div><\/div><div class=\"vc_col-sm-3 wpb_column vc_column_container\"><div class=\"vc_column-inner\"><div class=\"wpb_wrapper\"><div class=\"wpb_text_column\"><div class=\"wpb_wrapper\"><p><strong>\u00abLa flauta m\u00e0gica\u00bb<\/strong><br \/>\nCompanyia \u00d2pera Oberta<\/p>\n<\/div><\/div><\/div><\/div><\/div><div class=\"vc_col-sm-3 wpb_column vc_column_container\"><div class=\"vc_column-inner\"><div class=\"wpb_wrapper\"><div class=\"wpb_text_column\"><div class=\"wpb_wrapper\"><p><strong>\u00abLiederabend Trio\u00bb<\/strong><br \/>\nAnna Feu, soprano; Josep Benet, tenor; Josep Maria Roger, piano<\/p>\n<\/div><\/div><\/div><\/div><\/div><\/div><\/div><\/section><section class=\"l-section wpb_row height_auto\"><div class=\"l-section-h i-cf\"><div class=\"g-cols vc_row via_flex valign_middle type_default stacking_default\"><div class=\"vc_col-sm-12 wpb_column vc_column_container\"><div class=\"vc_column-inner\"><div class=\"wpb_wrapper\"><div class=\"w-separator size_small with_line width_30 thick_2 style_solid color_border align_center\"><div class=\"w-separator-h\"><\/div><\/div><\/div><\/div><\/div><\/div><\/div><\/section><section class=\"l-section wpb_row height_auto\"><div class=\"l-section-h i-cf\"><div class=\"g-cols vc_row via_flex valign_top type_default stacking_default\"><div class=\"vc_col-sm-3 wpb_column vc_column_container\"><div class=\"vc_column-inner\"><div class=\"wpb_wrapper\"><div class=\"g-cols wpb_row via_flex valign_top type_default stacking_default\"><div class=\"vc_col-sm-6 wpb_column vc_column_container\"><div class=\"vc_column-inner\"><div class=\"wpb_wrapper\"><div class=\"wpb_text_column\"><div class=\"wpb_wrapper\"><p>1995<\/p>\n<\/div><\/div><\/div><\/div><\/div><div class=\"vc_col-sm-6 wpb_column vc_column_container\"><div class=\"vc_column-inner\"><div class=\"wpb_wrapper\"><div class=\"w-image style_shadow-1 align_center\"><a ref=\"magnificPopup\" href=\"https:\/\/nitsculturals.cat\/nitsculturals\/wp-content\/uploads\/2018\/01\/1995-768x1551.png\" aria-label=\"1995-768x1551\" class=\"w-image-h\"><img decoding=\"async\" width=\"600\" height=\"1212\" src=\"https:\/\/nitsculturals.cat\/nitsculturals\/wp-content\/uploads\/2018\/01\/1995-768x1551-600x1212.png\" class=\"attachment-us_600_0 size-us_600_0\" alt=\"\" loading=\"lazy\" srcset=\"https:\/\/nitsculturals.cat\/nitsculturals\/wp-content\/uploads\/2018\/01\/1995-768x1551-600x1212.png 600w, https:\/\/nitsculturals.cat\/nitsculturals\/wp-content\/uploads\/2018\/01\/1995-768x1551-149x300.png 149w, https:\/\/nitsculturals.cat\/nitsculturals\/wp-content\/uploads\/2018\/01\/1995-768x1551.png 768w, https:\/\/nitsculturals.cat\/nitsculturals\/wp-content\/uploads\/2018\/01\/1995-768x1551-507x1024.png 507w\" sizes=\"auto, (max-width: 600px) 100vw, 600px\" \/><\/a><\/div><\/div><\/div><\/div><\/div><\/div><\/div><\/div><div class=\"vc_col-sm-3 wpb_column vc_column_container\"><div class=\"vc_column-inner\"><div class=\"wpb_wrapper\"><div class=\"wpb_text_column\"><div class=\"wpb_wrapper\"><p><strong>\u00abRecital d&#8217;\u00d2pera\u00bb\u00a0<\/strong><br \/>\nLinda Mirabal, Soprano i Jorge Idelshon, piano<\/p>\n<\/div><\/div><\/div><\/div><\/div><div class=\"vc_col-sm-3 wpb_column vc_column_container\"><div class=\"vc_column-inner\"><div class=\"wpb_wrapper\"><div class=\"wpb_text_column\"><div class=\"wpb_wrapper\"><p><strong>Orquestra de Cambra de Cervera<\/strong><\/p>\n<\/div><\/div><\/div><\/div><\/div><div class=\"vc_col-sm-3 wpb_column vc_column_container\"><div class=\"vc_column-inner\"><div class=\"wpb_wrapper\"><div class=\"wpb_text_column\"><div class=\"wpb_wrapper\"><p><strong>\u00abOsquestra de Cambra de Cervera\u00bb<\/strong><br \/>\nManel Valdivieso, director; Paul Cortese, viola<\/p>\n<\/div><\/div><\/div><\/div><\/div><\/div><\/div><\/section><section class=\"l-section wpb_row height_auto\"><div class=\"l-section-h i-cf\"><div class=\"g-cols vc_row via_flex valign_middle type_default stacking_default\"><div class=\"vc_col-sm-12 wpb_column vc_column_container\"><div class=\"vc_column-inner\"><div class=\"wpb_wrapper\"><div class=\"w-separator size_small with_line width_30 thick_2 style_solid color_border align_center\"><div class=\"w-separator-h\"><\/div><\/div><\/div><\/div><\/div><\/div><\/div><\/section><section class=\"l-section wpb_row height_auto\"><div class=\"l-section-h i-cf\"><div class=\"g-cols vc_row via_flex valign_top type_default stacking_default\"><div class=\"vc_col-sm-3 wpb_column vc_column_container\"><div class=\"vc_column-inner\"><div class=\"wpb_wrapper\"><div class=\"g-cols wpb_row via_flex valign_top type_default stacking_default\"><div class=\"vc_col-sm-6 wpb_column vc_column_container\"><div class=\"vc_column-inner\"><div class=\"wpb_wrapper\"><div class=\"wpb_text_column\"><div class=\"wpb_wrapper\"><p>1994<\/p>\n<\/div><\/div><\/div><\/div><\/div><div class=\"vc_col-sm-6 wpb_column vc_column_container\"><div class=\"vc_column-inner\"><div class=\"wpb_wrapper\"><div class=\"w-image style_shadow-1 align_center\"><a ref=\"magnificPopup\" href=\"https:\/\/nitsculturals.cat\/nitsculturals\/wp-content\/uploads\/2018\/01\/1994-768x1551.png\" aria-label=\"1994-768x1551\" class=\"w-image-h\"><img decoding=\"async\" width=\"600\" height=\"1212\" src=\"https:\/\/nitsculturals.cat\/nitsculturals\/wp-content\/uploads\/2018\/01\/1994-768x1551-600x1212.png\" class=\"attachment-us_600_0 size-us_600_0\" alt=\"\" loading=\"lazy\" srcset=\"https:\/\/nitsculturals.cat\/nitsculturals\/wp-content\/uploads\/2018\/01\/1994-768x1551-600x1212.png 600w, https:\/\/nitsculturals.cat\/nitsculturals\/wp-content\/uploads\/2018\/01\/1994-768x1551-149x300.png 149w, https:\/\/nitsculturals.cat\/nitsculturals\/wp-content\/uploads\/2018\/01\/1994-768x1551.png 768w, https:\/\/nitsculturals.cat\/nitsculturals\/wp-content\/uploads\/2018\/01\/1994-768x1551-507x1024.png 507w\" sizes=\"auto, (max-width: 600px) 100vw, 600px\" \/><\/a><\/div><\/div><\/div><\/div><\/div><\/div><\/div><\/div><div class=\"vc_col-sm-3 wpb_column vc_column_container\"><div class=\"vc_column-inner\"><div class=\"wpb_wrapper\"><div class=\"wpb_text_column\"><div class=\"wpb_wrapper\"><p><strong>\u00abLa Lli\u00e7\u00f3 &#8211; La Cantant Calba\u00bb<\/strong><br \/>\nCompanyia Teatre del Sol<\/p>\n<\/div><\/div><\/div><\/div><\/div><div class=\"vc_col-sm-3 wpb_column vc_column_container\"><div class=\"vc_column-inner\"><div class=\"wpb_wrapper\"><div class=\"wpb_text_column\"><div class=\"wpb_wrapper\"><p><strong>\u00abLes aventures d&#8217;en Malic\u00bb\u00a0<\/strong><br \/>\nCompanyia La Fanfarra<\/p>\n<\/div><\/div><\/div><\/div><\/div><div class=\"vc_col-sm-3 wpb_column vc_column_container\"><div class=\"vc_column-inner\"><div class=\"wpb_wrapper\"><div class=\"wpb_text_column\"><div class=\"wpb_wrapper\"><p><strong>\u00abOrquestra de Cambra de Granollers\u00bb\u00a0<\/strong><br \/>\nFrancesc Guillen, Director<\/p>\n<\/div><\/div><\/div><\/div><\/div><\/div><\/div><\/section><section class=\"l-section wpb_row height_auto\"><div class=\"l-section-h i-cf\"><div class=\"g-cols vc_row via_flex valign_middle type_default stacking_default\"><div class=\"vc_col-sm-12 wpb_column vc_column_container\"><div class=\"vc_column-inner\"><div class=\"wpb_wrapper\"><div class=\"w-separator size_small with_line width_30 thick_2 style_solid color_border align_center\"><div class=\"w-separator-h\"><\/div><\/div><\/div><\/div><\/div><\/div><\/div><\/section><section class=\"l-section wpb_row height_auto\"><div class=\"l-section-h i-cf\"><div class=\"g-cols vc_row via_flex valign_top type_default stacking_default\"><div class=\"vc_col-sm-3 wpb_column vc_column_container\"><div class=\"vc_column-inner\"><div class=\"wpb_wrapper\"><div class=\"g-cols wpb_row via_flex valign_top type_default stacking_default\"><div class=\"vc_col-sm-6 wpb_column vc_column_container\"><div class=\"vc_column-inner\"><div class=\"wpb_wrapper\"><div class=\"wpb_text_column\"><div class=\"wpb_wrapper\"><p>1993<\/p>\n<\/div><\/div><\/div><\/div><\/div><div class=\"vc_col-sm-6 wpb_column vc_column_container\"><div class=\"vc_column-inner\"><div class=\"wpb_wrapper\"><div class=\"w-image style_shadow-1 align_center\"><a ref=\"magnificPopup\" href=\"https:\/\/nitsculturals.cat\/nitsculturals\/wp-content\/uploads\/2018\/01\/1993-768x1551.png\" aria-label=\"1993-768x1551\" class=\"w-image-h\"><img decoding=\"async\" width=\"600\" height=\"1212\" src=\"https:\/\/nitsculturals.cat\/nitsculturals\/wp-content\/uploads\/2018\/01\/1993-768x1551-600x1212.png\" class=\"attachment-us_600_0 size-us_600_0\" alt=\"\" loading=\"lazy\" srcset=\"https:\/\/nitsculturals.cat\/nitsculturals\/wp-content\/uploads\/2018\/01\/1993-768x1551-600x1212.png 600w, https:\/\/nitsculturals.cat\/nitsculturals\/wp-content\/uploads\/2018\/01\/1993-768x1551-149x300.png 149w, https:\/\/nitsculturals.cat\/nitsculturals\/wp-content\/uploads\/2018\/01\/1993-768x1551.png 768w, https:\/\/nitsculturals.cat\/nitsculturals\/wp-content\/uploads\/2018\/01\/1993-768x1551-507x1024.png 507w\" sizes=\"auto, (max-width: 600px) 100vw, 600px\" \/><\/a><\/div><\/div><\/div><\/div><\/div><\/div><\/div><\/div><div class=\"vc_col-sm-3 wpb_column vc_column_container\"><div class=\"vc_column-inner\"><div class=\"wpb_wrapper\"><div class=\"wpb_text_column\"><div class=\"wpb_wrapper\"><p><strong>\u00abRecital de Lied\u00bb<\/strong><br \/>\nMontserrat Comadira, Mezzosoprano i Albert Guinovart, piano<\/p>\n<\/div><\/div><\/div><\/div><\/div><div class=\"vc_col-sm-3 wpb_column vc_column_container\"><div class=\"vc_column-inner\"><div class=\"wpb_wrapper\"><div class=\"wpb_text_column\"><div class=\"wpb_wrapper\"><\/div><\/div><\/div><\/div><\/div><div class=\"vc_col-sm-3 wpb_column vc_column_container\"><div class=\"vc_column-inner\"><div class=\"wpb_wrapper\"><div class=\"wpb_text_column\"><div class=\"wpb_wrapper\"><p><strong>\u00abOrquestra Nacional de Cambra d&#8217;Andorra\u00bb<\/strong><br \/>\nGerard Claret, Concertino-Director<\/p>\n<\/div><\/div><\/div><\/div><\/div><\/div><\/div><\/section><section class=\"l-section wpb_row height_medium\"><div class=\"l-section-h i-cf\"><div class=\"g-cols vc_row via_flex valign_top type_default stacking_default\"><div class=\"vc_col-sm-12 wpb_column vc_column_container\"><div class=\"vc_column-inner\"><div class=\"wpb_wrapper\"><div class=\"w-separator size_custom\" style=\"height:32px\"><\/div><\/div><\/div><\/div><\/div><\/div><\/section>\n","protected":false},"excerpt":{"rendered":"[vc_custom_heading text=\"Edicions anteriors 1993-2025\" font_container=\"tag:h2|text_align:center\" use_theme_fonts=\"yes\"]Any Divendres nit Dissabte tarda Dissabte nit 2025 Antoni de Boixadors Cor Francesc Valls Som i serem 2princesesbarbudes Rec\u00f3ndita Armon\u00eda Tempus Trio Anna Puig\u00a0 2024 Una Shubert\u00edada Cor de la Cambra de Catalunya\u00a0 Mozartland La companyia del Pr\u00edncep Totilau Recital de contrabaix i piano Escola Catalana del contrabaix\u00a0 2023 La...","protected":false},"author":2,"featured_media":0,"parent":0,"menu_order":0,"comment_status":"closed","ping_status":"closed","template":"","meta":{"footnotes":""},"class_list":["post-6114","page","type-page","status-publish","hentry"],"_links":{"self":[{"href":"https:\/\/nitsculturals.cat\/nitsculturals\/wp-json\/wp\/v2\/pages\/6114","targetHints":{"allow":["GET"]}}],"collection":[{"href":"https:\/\/nitsculturals.cat\/nitsculturals\/wp-json\/wp\/v2\/pages"}],"about":[{"href":"https:\/\/nitsculturals.cat\/nitsculturals\/wp-json\/wp\/v2\/types\/page"}],"author":[{"embeddable":true,"href":"https:\/\/nitsculturals.cat\/nitsculturals\/wp-json\/wp\/v2\/users\/2"}],"replies":[{"embeddable":true,"href":"https:\/\/nitsculturals.cat\/nitsculturals\/wp-json\/wp\/v2\/comments?post=6114"}],"version-history":[{"count":47,"href":"https:\/\/nitsculturals.cat\/nitsculturals\/wp-json\/wp\/v2\/pages\/6114\/revisions"}],"predecessor-version":[{"id":7375,"href":"https:\/\/nitsculturals.cat\/nitsculturals\/wp-json\/wp\/v2\/pages\/6114\/revisions\/7375"}],"wp:attachment":[{"href":"https:\/\/nitsculturals.cat\/nitsculturals\/wp-json\/wp\/v2\/media?parent=6114"}],"curies":[{"name":"wp","href":"https:\/\/api.w.org\/{rel}","templated":true}]}}