{"id":5797,"date":"2015-04-08T15:40:23","date_gmt":"2015-04-08T15:40:23","guid":{"rendered":"http:\/\/impreza.us-themes.net\/?page_id=3549"},"modified":"2026-01-06T20:58:22","modified_gmt":"2026-01-06T19:58:22","slug":"home-4","status":"publish","type":"page","link":"https:\/\/nitsculturals.cat\/nitsculturals\/","title":{"rendered":"Inici"},"content":{"rendered":"<section class=\"l-section wpb_row height_medium full_height valign_center color_secondary with_video with_youtube\"><div id=\"us_bg_video_bbd8\" class=\"l-section-video\"><script id=\"us_bg_video_bbd8-script\">!function(w){var node = document.getElementById( 'us_bg_video_bbd8' );if ( w.innerWidth <= 600 ) { node.remove() }}(window);<\/script><style>@media(max-width:600px){#us_bg_video_bbd8{display:none!important}}<\/style><script id=\"youtube_bbd8\">\r\n\t\t\t\t\twindow.USYTPlayers = ( window.USYTPlayers || { initYTFunctions: [], optionsYT: [], USYTInited: false } );\r\n\t\t\t\t\twindow.USYTPlayers.initYTFunctions.push( function() {\r\n\t\t\t\t\t\tvar player = new YT.Player( \"youtube_bbd8\" , {\r\n\t\t\t\t\t\t\tvideoId: \"Hy-jfKIPS2A\",\r\n\t\t\t\t\t\t\tplayerVars: {\"playlist\":\"Hy-jfKIPS2A\",\"autohide\":1,\"autoplay\":1,\"mute\":1,\"controls\":0,\"disablekb\":1,\"enablejsapi\":1,\"fs\":0,\"loop\":1,\"rel\":0,\"showinfo\":0},\r\n\t\t\t\t\t\t\tevents: {\r\n\t\t\t\t\t\t\t\tonReady: function ( e ) {\r\n\t\t\t\t\t\t\t\t\te.target.mute();\r\n\t\t\t\t\t\t\t\t\te.target.playVideo();\r\n\t\t\t\t\t\t\t\t\te.target.g.allow = \"autoplay; fullscreen; picture-in-picture\";\r\n\t\t\t\t\t\t\t\t\te.target.g.width = window.innerWidth;\r\n\t\t\t\t\t\t\t\t\te.target.g.loading = \"lazy\";\r\n\t\t\t\t\t\t\t\t\te.target.g.dispatchEvent( new Event( \"resize\", { bubbles: true } ) );\r\n\t\t\t\t\t\t\t\t}\r\n\t\t\t\t\t\t\t}\r\n\t\t\t\t\t\t});\r\n\t\t\t\t\t\tdocument.querySelector( \"script#youtube_api_bbd8\" ).remove();\r\n\t\t\t\t\t} );\r\n\t\t\t\t\twindow.onYouTubeIframeAPIReady = function() {\r\n\t\t\t\t\t\twindow.USYTPlayers.initYTFunctions.forEach( function( YTPlayer ) {\r\n\t\t\t\t\t\t\tif ( typeof YTPlayer === \"function\" ) {\r\n\t\t\t\t\t\t\t\tYTPlayer();\r\n\t\t\t\t\t\t\t}\r\n\t\t\t\t\t\t} );\r\n\t\t\t\t\t};\r\n\t\t\t\t\tvar script = document.createElement( \"script\" );\r\n\t\t\t\t\tscript.id = \"youtube_api_bbd8\";\r\n\t\t\t\t\tscript.src = \"https:\/\/www.youtube.com\/iframe_api\";\r\n\t\t\t\t\tdocument.head.append( script );\r\n\t\t\t\t<\/script><\/div><div class=\"l-section-overlay\" style=\"background:rgba(30,30,30,0.75)\"><\/div><div class=\"l-section-h i-cf\"><div class=\"g-cols vc_row via_flex valign_top type_default stacking_default\"><div class=\"vc_col-sm-12 wpb_column vc_column_container\"><div class=\"vc_column-inner\"><div class=\"wpb_wrapper\">[vc_custom_heading text=\u00bbLa il\u00b7lusi\u00f3 de tot un poble\u00bb font_container=\u00bbtag:h1|font_size:4rem|text_align:center\u00bb use_theme_fonts=\u00bbyes\u00bb css=\u00bb%7B%22default%22%3A%7B%22font-size%22%3A%224rem%22%7D%7D\u00bb]<div class=\"w-separator size_small\"><\/div><div class=\"w-iconbox iconpos_top style_circle color_primary align_center no_text no_title\"><a href=\"#fourth\" class=\"w-iconbox-link\" aria-label=\"fas|chevron-down\"><div class=\"w-iconbox-icon\" style=\"font-size:24px;\"><i class=\"fas fa-chevron-down\"><\/i><\/div><\/a><div class=\"w-iconbox-meta\"><\/div><\/div><\/div><\/div><\/div><\/div><\/div><\/section><section class=\"l-section wpb_row us_custom_4076faf9 has_text_color height_huge with_img parallax_ver parallaxdir_reversed\" id=\"fourth\"><div class=\"l-section-img\" role=\"img\" aria-label=\"Imagen\" data-img-width=\"1920\" data-img-height=\"1132\" style=\"background-image: url(https:\/\/nitsculturals.cat\/nitsculturals\/wp-content\/uploads\/2016\/06\/back_santpere.png);\"><\/div><div class=\"l-section-h i-cf\"><div class=\"g-cols vc_row via_flex valign_top type_default stacking_default\"><div class=\"vc_col-sm-12 wpb_column vc_column_container align_center\"><div class=\"vc_column-inner\"><div class=\"wpb_wrapper\"><div class=\"w-image align_center\"><div class=\"w-image-h\"><img decoding=\"async\" width=\"60\" height=\"60\" src=\"https:\/\/nitsculturals.cat\/nitsculturals\/wp-content\/uploads\/2017\/02\/logoNits.png\" class=\"attachment-large size-large\" alt=\"\" loading=\"lazy\" srcset=\"https:\/\/nitsculturals.cat\/nitsculturals\/wp-content\/uploads\/2017\/02\/logoNits.png 60w, https:\/\/nitsculturals.cat\/nitsculturals\/wp-content\/uploads\/2017\/02\/logoNits-50x50.png 50w\" sizes=\"auto, (max-width: 60px) 100vw, 60px\" \/><\/div><\/div><div class=\"wpb_text_column\"><div class=\"wpb_wrapper\"><h3 style=\"text-align: center;\">\u201cLes Nits Culturals de Sant Pere Sallavinera arriben a la 29a edici\u00f3. Any rere any hem programat unes nits musicals d&#8217;alt nivell al petit poble de Sant Pere Sallavinera.\u201d<\/h3>\n<\/div><\/div><\/div><\/div><\/div><\/div><\/div><\/section><section class=\"l-section wpb_row height_medium\"><div class=\"l-section-h i-cf\"><div class=\"g-cols vc_row via_flex valign_top type_default stacking_default\"><div class=\"vc_col-sm-12 wpb_column vc_column_container\"><div class=\"vc_column-inner\"><div class=\"wpb_wrapper\">[vc_custom_heading text=\u00bbEdici\u00f3 2026&#8243; use_theme_fonts=\u00bbyes\u00bb]<div class=\"w-separator size_small\"><\/div>[vc_custom_heading text=\u00bbProperament\u00bb font_container=\u00bbtag:h2|text_align:center\u00bb google_fonts=\u00bbfont_family:Montserrat%3Aregular%2C700|font_style:700%20bold%20regular%3A700%3Anormal\u00bb css=\u00bb%7B%22default%22%3A%7B%22color%22%3A%22%23e92424%22%7D%7D\u00bb]<div class=\"wpb_text_column\"><div class=\"wpb_wrapper\"><p style=\"text-align: center;\"><strong>Entrades pr\u00f2ximament:<\/strong><\/p>\n<\/div><\/div><div class=\"w-separator size_small\"><\/div><\/div><\/div><\/div><\/div><\/div><\/section><section class=\"l-section wpb_row height_medium\"><div class=\"l-section-h i-cf\"><div class=\"g-cols vc_row via_flex valign_top type_default stacking_default\"><div class=\"vc_col-sm-12 wpb_column vc_column_container\"><div class=\"vc_column-inner\"><div class=\"wpb_wrapper\">[vc_custom_heading text=\u00bbNot\u00edcies\u00bb use_theme_fonts=\u00bbyes\u00bb link=\u00bburl:http%3A%2F%2Fnitsculturals.cat%2Fnitsculturals%2Fnoticies%2F|title:Not%C3%ADcies||\u00bb]<div class=\"w-grid us_post_carousel apply_url_params type_carousel layout_6408 preload_style_spinner items_3\" id=\"us_post_list_t346\" style=\"--items:3;--gap:1.5rem;\"><style>.layout_6408 .w-grid-item-h{}.layout_6408 .usg_post_image_1{margin-bottom:1rem!important}.layout_6408 .usg_post_title_1{margin-bottom:0.5rem!important;font-size:1.2rem!important}.layout_6408 .usg_post_date_1{font-size:0.9rem!important}.layout_6408 .usg_hwrapper_1{color:#b39fac!important}.layout_6408 .usg_post_taxonomy_1{font-size:0.9rem!important}.layout_6408 .usg_post_content_1{margin-top:0.5rem!important}<\/style><div class=\"w-grid-list owl-carousel valign_stretch dotstyle_circle navstyle_circle arrows-ver-pos_middle arrows-hor-pos_on_sides_outside arrows-disabled_hide owl-responsive-2000 with_arrows\" style=\"--transition-duration:350ms;--arrows-size:1.5rem;--arrows-hor-offset:1rem;--arrows-gap:10px;\">\t<article class=\"w-grid-item size_1x1 post-7218 post type-post status-publish format-standard has-post-thumbnail hentry category-general\" data-id=\"7218\">\r\n\t\t<div class=\"w-grid-item-h\">\r\n\t\t\t\t\t\t<div class=\"w-post-elm post_image usg_post_image_1 stretched\"><a href=\"https:\/\/nitsculturals.cat\/nitsculturals\/joan-perarnau-compte-amb-la-curiositat-a-mi-mha-dut-a-nova-zelanda\/\" aria-label=\"Joan Perarnau: \u00abCompte amb la curiositat, a mi m&#8217;ha dut a Nova Zelanda\u00bb\"><img loading=\"lazy\" decoding=\"async\" width=\"413\" height=\"238\" src=\"https:\/\/nitsculturals.cat\/nitsculturals\/wp-content\/uploads\/2024\/04\/Captura-de-pantalla-2024-04-08-090917.jpg\" class=\"attachment-us_600_400_crop size-us_600_400_crop wp-post-image\" alt=\"\" srcset=\"https:\/\/nitsculturals.cat\/nitsculturals\/wp-content\/uploads\/2024\/04\/Captura-de-pantalla-2024-04-08-090917.jpg 413w, https:\/\/nitsculturals.cat\/nitsculturals\/wp-content\/uploads\/2024\/04\/Captura-de-pantalla-2024-04-08-090917-300x173.jpg 300w\" sizes=\"auto, (max-width: 413px) 100vw, 413px\" \/><\/a><\/div><h2 class=\"w-post-elm post_title usg_post_title_1 entry-title color_link_inherit\"><a href=\"https:\/\/nitsculturals.cat\/nitsculturals\/joan-perarnau-compte-amb-la-curiositat-a-mi-mha-dut-a-nova-zelanda\/\">Joan Perarnau: \u00abCompte amb la curiositat, a mi m&#8217;ha dut a Nova Zelanda\u00bb<\/a><\/h2><div class=\"w-hwrapper usg_hwrapper_1 has_text_color align_left valign_top wrap\"><time class=\"w-post-elm post_date usg_post_date_1 entry-date published\" datetime=\"2024-04-08T09:09:36+02:00\"><i class=\"far fa-clock\"><\/i>8 de abril de 2024<\/time><div class=\"w-post-elm post_taxonomy usg_post_taxonomy_1 style_simple color_link_inherit\"><i class=\"far fa-folder-open\"><\/i><a class=\"term-1 term-general\" href=\"https:\/\/nitsculturals.cat\/nitsculturals\/category\/general\/\">General<\/a><\/div><\/div><div class=\"w-post-elm post_content usg_post_content_1\">Un esmorzar amb el contrabaixista Joan Perarnau, que des del 2013 viu a Wellington, Nova Zelanda.<\/div>\t\t<\/div>\r\n\t\t\t<\/article>\r\n\t<article class=\"w-grid-item size_1x1 post-7215 post type-post status-publish format-standard has-post-thumbnail hentry category-general\" data-id=\"7215\">\r\n\t\t<div class=\"w-grid-item-h\">\r\n\t\t\t\t\t\t<div class=\"w-post-elm post_image usg_post_image_1 stretched\"><a href=\"https:\/\/nitsculturals.cat\/nitsculturals\/volem-demostrar-que-la-musica-classica-es-apta-per-als-infants\/\" aria-label=\"Volem demostrar que la m\u00fasica cl\u00e0ssica \u00e9s apta per als infants\"><img loading=\"lazy\" decoding=\"async\" width=\"600\" height=\"366\" src=\"https:\/\/nitsculturals.cat\/nitsculturals\/wp-content\/uploads\/2024\/04\/41650-600x366.jpeg\" class=\"attachment-us_600_400_crop size-us_600_400_crop wp-post-image\" alt=\"\" \/><\/a><\/div><h2 class=\"w-post-elm post_title usg_post_title_1 entry-title color_link_inherit\"><a href=\"https:\/\/nitsculturals.cat\/nitsculturals\/volem-demostrar-que-la-musica-classica-es-apta-per-als-infants\/\">Volem demostrar que la m\u00fasica cl\u00e0ssica \u00e9s apta per als infants<\/a><\/h2><div class=\"w-hwrapper usg_hwrapper_1 has_text_color align_left valign_top wrap\"><time class=\"w-post-elm post_date usg_post_date_1 entry-date published\" datetime=\"2024-04-08T09:02:16+02:00\"><i class=\"far fa-clock\"><\/i>8 de abril de 2024<\/time><div class=\"w-post-elm post_taxonomy usg_post_taxonomy_1 style_simple color_link_inherit\"><i class=\"far fa-folder-open\"><\/i><a class=\"term-1 term-general\" href=\"https:\/\/nitsculturals.cat\/nitsculturals\/category\/general\/\">General<\/a><\/div><\/div><div class=\"w-post-elm post_content usg_post_content_1\">Clara Dalmau\u00a0Actriu i cofundadora de la Companyia del Pr\u00edncep Totilau Clara Dalmau ha estat una apassionada del teatre des de molt jove, per\u00f2 va ser durant un taller que va&hellip;<\/div>\t\t<\/div>\r\n\t\t\t<\/article>\r\n\t<article class=\"w-grid-item size_1x1 post-7195 post type-post status-publish format-standard has-post-thumbnail hentry category-general\" data-id=\"7195\">\r\n\t\t<div class=\"w-grid-item-h\">\r\n\t\t\t\t\t\t<div class=\"w-post-elm post_image usg_post_image_1 stretched\"><a href=\"https:\/\/nitsculturals.cat\/nitsculturals\/lescola-catalan-del-contrabaix\/\" aria-label=\"L&#8217;escola catalana del contrabaix\"><img loading=\"lazy\" decoding=\"async\" width=\"600\" height=\"400\" src=\"https:\/\/nitsculturals.cat\/nitsculturals\/wp-content\/uploads\/2024\/01\/5ea073a3903ba763e0dbe27f_Three-Leon-Boschs-with-Double-Bass-600x400.png\" class=\"attachment-us_600_400_crop size-us_600_400_crop wp-post-image\" alt=\"\" \/><\/a><\/div><h2 class=\"w-post-elm post_title usg_post_title_1 entry-title color_link_inherit\"><a href=\"https:\/\/nitsculturals.cat\/nitsculturals\/lescola-catalan-del-contrabaix\/\">L&#8217;escola catalana del contrabaix<\/a><\/h2><div class=\"w-hwrapper usg_hwrapper_1 has_text_color align_left valign_top wrap\"><time class=\"w-post-elm post_date usg_post_date_1 entry-date published\" datetime=\"2024-02-28T15:25:23+01:00\"><i class=\"far fa-clock\"><\/i>28 de febrero de 2024<\/time><div class=\"w-post-elm post_taxonomy usg_post_taxonomy_1 style_simple color_link_inherit\"><i class=\"far fa-folder-open\"><\/i><a class=\"term-1 term-general\" href=\"https:\/\/nitsculturals.cat\/nitsculturals\/category\/general\/\">General<\/a><\/div><\/div><div class=\"w-post-elm post_content usg_post_content_1\">11\u00e8 CICLE DE CONCERTS \u00abELS TEUS CL\u00c0SSICS\u00bb\u00bbL&#8217;escola catalana del contrabaix\u00bbPere Valls: \u00bbSegona fantasia\u00bb. Tema amb variacions per a contrabaix i piano. Antoni Torell\u00f3: Fantasia amb variacions \u00abLeonora\u00bb, per a contrabaix&hellip;<\/div>\t\t<\/div>\r\n\t\t\t<\/article>\r\n\t<article class=\"w-grid-item size_1x1 post-7184 post type-post status-publish format-standard has-post-thumbnail hentry category-general\" data-id=\"7184\">\r\n\t\t<div class=\"w-grid-item-h\">\r\n\t\t\t\t\t\t<div class=\"w-post-elm post_image usg_post_image_1 stretched\"><a href=\"https:\/\/nitsculturals.cat\/nitsculturals\/leon-bosch-dactivista-politic-a-contrabaixista-virtuos\/\" aria-label=\"Leon Bosch: d\u2019activista pol\u00edtic a contrabaixista virtu\u00f3s\"><img loading=\"lazy\" decoding=\"async\" width=\"600\" height=\"400\" src=\"https:\/\/nitsculturals.cat\/nitsculturals\/wp-content\/uploads\/2024\/01\/5ea073a3903ba763e0dbe27f_Three-Leon-Boschs-with-Double-Bass-600x400.png\" class=\"attachment-us_600_400_crop size-us_600_400_crop wp-post-image\" alt=\"\" \/><\/a><\/div><h2 class=\"w-post-elm post_title usg_post_title_1 entry-title color_link_inherit\"><a href=\"https:\/\/nitsculturals.cat\/nitsculturals\/leon-bosch-dactivista-politic-a-contrabaixista-virtuos\/\">Leon Bosch: d\u2019activista pol\u00edtic a contrabaixista virtu\u00f3s<\/a><\/h2><div class=\"w-hwrapper usg_hwrapper_1 has_text_color align_left valign_top wrap\"><time class=\"w-post-elm post_date usg_post_date_1 entry-date published\" datetime=\"2024-01-16T13:08:48+01:00\"><i class=\"far fa-clock\"><\/i>16 de enero de 2024<\/time><div class=\"w-post-elm post_taxonomy usg_post_taxonomy_1 style_simple color_link_inherit\"><i class=\"far fa-folder-open\"><\/i><a class=\"term-1 term-general\" href=\"https:\/\/nitsculturals.cat\/nitsculturals\/category\/general\/\">General<\/a><\/div><\/div><div class=\"w-post-elm post_content usg_post_content_1\">Leon Bosch, considerat un dels millors contrabaixistes del m\u00f3n, tornar\u00e0 a actuar aCatalunya convidat per l\u2019Associaci\u00f3 Joan Man\u00e9n, dins el 13\u00e8 cicle de concerts Elsteus Cl\u00e0ssics, en coorganitzaci\u00f3 amb Les&hellip;<\/div>\t\t<\/div>\r\n\t\t\t<\/article>\r\n\t<article class=\"w-grid-item size_1x1 post-7173 post type-post status-publish format-standard has-post-thumbnail hentry category-general\" data-id=\"7173\">\r\n\t\t<div class=\"w-grid-item-h\">\r\n\t\t\t\t\t\t<div class=\"w-post-elm post_image usg_post_image_1 stretched\"><a href=\"https:\/\/nitsculturals.cat\/nitsculturals\/les-nits-culturals-de-sant-pere-sallavinera-celebren-30-anys-amb-la-creacio\/\" aria-label=\"Les Nits Culturals de Sant Pere Sallavinera celebren 30 anys amb \u2018La creaci\u00f3\u2019\"><img loading=\"lazy\" decoding=\"async\" width=\"600\" height=\"400\" src=\"https:\/\/nitsculturals.cat\/nitsculturals\/wp-content\/uploads\/2023\/07\/DSC0491-600x400.jpg\" class=\"attachment-us_600_400_crop size-us_600_400_crop wp-post-image\" alt=\"\" srcset=\"https:\/\/nitsculturals.cat\/nitsculturals\/wp-content\/uploads\/2023\/07\/DSC0491-600x400.jpg 600w, https:\/\/nitsculturals.cat\/nitsculturals\/wp-content\/uploads\/2023\/07\/DSC0491-300x200.jpg 300w, https:\/\/nitsculturals.cat\/nitsculturals\/wp-content\/uploads\/2023\/07\/DSC0491-1024x683.jpg 1024w, https:\/\/nitsculturals.cat\/nitsculturals\/wp-content\/uploads\/2023\/07\/DSC0491-768x512.jpg 768w, https:\/\/nitsculturals.cat\/nitsculturals\/wp-content\/uploads\/2023\/07\/DSC0491.jpg 1200w\" sizes=\"auto, (max-width: 600px) 100vw, 600px\" \/><\/a><\/div><h2 class=\"w-post-elm post_title usg_post_title_1 entry-title color_link_inherit\"><a href=\"https:\/\/nitsculturals.cat\/nitsculturals\/les-nits-culturals-de-sant-pere-sallavinera-celebren-30-anys-amb-la-creacio\/\">Les Nits Culturals de Sant Pere Sallavinera celebren 30 anys amb \u2018La creaci\u00f3\u2019<\/a><\/h2><div class=\"w-hwrapper usg_hwrapper_1 has_text_color align_left valign_top wrap\"><time class=\"w-post-elm post_date usg_post_date_1 entry-date published\" datetime=\"2023-07-11T17:59:01+02:00\"><i class=\"far fa-clock\"><\/i>11 de julio de 2023<\/time><div class=\"w-post-elm post_taxonomy usg_post_taxonomy_1 style_simple color_link_inherit\"><i class=\"far fa-folder-open\"><\/i><a class=\"term-1 term-general\" href=\"https:\/\/nitsculturals.cat\/nitsculturals\/category\/general\/\">General<\/a><\/div><\/div><div class=\"w-post-elm post_content usg_post_content_1\">Font: Canal Tronja<\/div>\t\t<\/div>\r\n\t\t\t<\/article>\r\n\t<article class=\"w-grid-item size_1x1 post-7082 post type-post status-publish format-standard has-post-thumbnail hentry category-general\" data-id=\"7082\">\r\n\t\t<div class=\"w-grid-item-h\">\r\n\t\t\t\t\t\t<div class=\"w-post-elm post_image usg_post_image_1 stretched\"><a href=\"https:\/\/nitsculturals.cat\/nitsculturals\/lajuntament-de-calaf-dona-a-coneixer-les-nominacions-de-la-vi-nit-de-lesport-i-la-cultura\/\" aria-label=\"L&#8217;Ajuntament de Calaf dona a con\u00e8ixer les nominacions de la VI Nit de l&#8217;Esport i la Cultura\"><img loading=\"lazy\" decoding=\"async\" width=\"600\" height=\"400\" src=\"https:\/\/nitsculturals.cat\/nitsculturals\/wp-content\/uploads\/2023\/01\/img_20230119152515-600x400.jpg\" class=\"attachment-us_600_400_crop size-us_600_400_crop wp-post-image\" alt=\"\" \/><\/a><\/div><h2 class=\"w-post-elm post_title usg_post_title_1 entry-title color_link_inherit\"><a href=\"https:\/\/nitsculturals.cat\/nitsculturals\/lajuntament-de-calaf-dona-a-coneixer-les-nominacions-de-la-vi-nit-de-lesport-i-la-cultura\/\"><strong>L&#8217;Ajuntament de Calaf dona a con\u00e8ixer les nominacions de la VI Nit de l&#8217;Esport i la Cultura<\/strong><\/a><\/h2><div class=\"w-hwrapper usg_hwrapper_1 has_text_color align_left valign_top wrap\"><time class=\"w-post-elm post_date usg_post_date_1 entry-date published\" datetime=\"2023-01-23T08:05:12+01:00\"><i class=\"far fa-clock\"><\/i>23 de enero de 2023<\/time><div class=\"w-post-elm post_taxonomy usg_post_taxonomy_1 style_simple color_link_inherit\"><i class=\"far fa-folder-open\"><\/i><a class=\"term-1 term-general\" href=\"https:\/\/nitsculturals.cat\/nitsculturals\/category\/general\/\">General<\/a><\/div><\/div><div class=\"w-post-elm post_content usg_post_content_1\">La gala d&#8217;entrega de premis tindr\u00e0 lloc el divendres 3 de febrer a les 20h al Casal de Calaf en el marc de les festes de Santa Calamanda i estar\u00e0&hellip;<\/div>\t\t<\/div>\r\n\t\t\t<\/article>\r\n\t<article class=\"w-grid-item size_1x1 post-6897 post type-post status-publish format-standard has-post-thumbnail hentry category-52\" data-id=\"6897\">\r\n\t\t<div class=\"w-grid-item-h\">\r\n\t\t\t\t\t\t<div class=\"w-post-elm post_image usg_post_image_1 stretched\"><a href=\"https:\/\/nitsculturals.cat\/nitsculturals\/lateneu-barcelones-reconeix-mirna-lacambra-amb-el-premi-ateneu-2020-2-2\/\" aria-label=\"Miquel Desclot: \u00abSer poeta \u00e9s fer que les paraules comuniquin all\u00f2 que no saben dir\u00bb\"><img loading=\"lazy\" decoding=\"async\" width=\"600\" height=\"400\" src=\"https:\/\/nitsculturals.cat\/nitsculturals\/wp-content\/uploads\/2021\/07\/miquel_desclot-4_esteve_plantada-600x400.jpg\" class=\"attachment-us_600_400_crop size-us_600_400_crop wp-post-image\" alt=\"\" \/><\/a><\/div><h2 class=\"w-post-elm post_title usg_post_title_1 entry-title color_link_inherit\"><a href=\"https:\/\/nitsculturals.cat\/nitsculturals\/lateneu-barcelones-reconeix-mirna-lacambra-amb-el-premi-ateneu-2020-2-2\/\">Miquel Desclot: \u00abSer poeta \u00e9s fer que les paraules comuniquin all\u00f2 que no saben dir\u00bb<\/a><\/h2><div class=\"w-hwrapper usg_hwrapper_1 has_text_color align_left valign_top wrap\"><time class=\"w-post-elm post_date usg_post_date_1 entry-date published\" datetime=\"2021-07-12T12:36:09+02:00\"><i class=\"far fa-clock\"><\/i>12 de julio de 2021<\/time><div class=\"w-post-elm post_taxonomy usg_post_taxonomy_1 style_simple color_link_inherit\"><i class=\"far fa-folder-open\"><\/i><a class=\"term-52 term-2021\" href=\"https:\/\/nitsculturals.cat\/nitsculturals\/category\/2021\/\">2021<\/a><\/div><\/div><div class=\"w-post-elm post_content usg_post_content_1\">Miquel Desclot (Barcelona, 1952) torna. En realitat, no havia marxat mai, sempre hi ha estat: traduint, divulgant o b\u00e9 apropant la poesia i les paraules de la nostra llengua liter\u00e0ria&hellip;<\/div>\t\t<\/div>\r\n\t\t\t<\/article>\r\n\t<article class=\"w-grid-item size_1x1 post-6895 post type-post status-publish format-standard has-post-thumbnail hentry category-51\" data-id=\"6895\">\r\n\t\t<div class=\"w-grid-item-h\">\r\n\t\t\t\t\t\t<div class=\"w-post-elm post_image usg_post_image_1 stretched\"><a href=\"https:\/\/nitsculturals.cat\/nitsculturals\/handel-a-lopera-a-ledicio-2019-2-2-2-2\/\" aria-label=\"Cancel\u00b7lada l&#8217;edici\u00f3 2021\"><img loading=\"lazy\" decoding=\"async\" width=\"563\" height=\"214\" src=\"https:\/\/nitsculturals.cat\/nitsculturals\/wp-content\/uploads\/2021\/07\/nitsCulturals-21.png\" class=\"attachment-us_600_400_crop size-us_600_400_crop wp-post-image\" alt=\"\" srcset=\"https:\/\/nitsculturals.cat\/nitsculturals\/wp-content\/uploads\/2021\/07\/nitsCulturals-21.png 563w, https:\/\/nitsculturals.cat\/nitsculturals\/wp-content\/uploads\/2021\/07\/nitsCulturals-21-300x114.png 300w\" sizes=\"auto, (max-width: 563px) 100vw, 563px\" \/><\/a><\/div><h2 class=\"w-post-elm post_title usg_post_title_1 entry-title color_link_inherit\"><a href=\"https:\/\/nitsculturals.cat\/nitsculturals\/handel-a-lopera-a-ledicio-2019-2-2-2-2\/\">Cancel\u00b7lada l&#8217;edici\u00f3 2021<\/a><\/h2><div class=\"w-hwrapper usg_hwrapper_1 has_text_color align_left valign_top wrap\"><time class=\"w-post-elm post_date usg_post_date_1 entry-date published\" datetime=\"2021-07-12T12:32:03+02:00\"><i class=\"far fa-clock\"><\/i>12 de julio de 2021<\/time><div class=\"w-post-elm post_taxonomy usg_post_taxonomy_1 style_simple color_link_inherit\"><i class=\"far fa-folder-open\"><\/i><a class=\"term-51 term-2020\" href=\"https:\/\/nitsculturals.cat\/nitsculturals\/category\/2020\/\">2020<\/a><\/div><\/div><div class=\"w-post-elm post_content usg_post_content_1\">Desitgem que estigueu b\u00e9 de salut en aquests moments dif\u00edcils per a totes les fam\u00edlies. El nostre m\u00e9s sincer suport i solidaritat amb tots el qui, malauradament, h\u00e0giu patit o&hellip;<\/div>\t\t<\/div>\r\n\t\t\t<\/article>\r\n\t<article class=\"w-grid-item size_1x1 post-6886 post type-post status-publish format-standard has-post-thumbnail hentry category-51\" data-id=\"6886\">\r\n\t\t<div class=\"w-grid-item-h\">\r\n\t\t\t\t\t\t<div class=\"w-post-elm post_image usg_post_image_1 stretched\"><a href=\"https:\/\/nitsculturals.cat\/nitsculturals\/lateneu-barcelones-reconeix-mirna-lacambra-amb-el-premi-ateneu-2020-2\/\" aria-label=\"El retorn a la poesia de Miquel Desclot s\u2019emporta el Carles Riba\"><img loading=\"lazy\" decoding=\"async\" width=\"600\" height=\"400\" src=\"https:\/\/nitsculturals.cat\/nitsculturals\/wp-content\/uploads\/2020\/12\/Desclot-600x400.jpg\" class=\"attachment-us_600_400_crop size-us_600_400_crop wp-post-image\" alt=\"\" \/><\/a><\/div><h2 class=\"w-post-elm post_title usg_post_title_1 entry-title color_link_inherit\"><a href=\"https:\/\/nitsculturals.cat\/nitsculturals\/lateneu-barcelones-reconeix-mirna-lacambra-amb-el-premi-ateneu-2020-2\/\">El retorn a la poesia de Miquel Desclot s\u2019emporta el Carles Riba<\/a><\/h2><div class=\"w-hwrapper usg_hwrapper_1 has_text_color align_left valign_top wrap\"><time class=\"w-post-elm post_date usg_post_date_1 entry-date published\" datetime=\"2020-12-21T09:12:51+01:00\"><i class=\"far fa-clock\"><\/i>21 de diciembre de 2020<\/time><div class=\"w-post-elm post_taxonomy usg_post_taxonomy_1 style_simple color_link_inherit\"><i class=\"far fa-folder-open\"><\/i><a class=\"term-51 term-2020\" href=\"https:\/\/nitsculturals.cat\/nitsculturals\/category\/2020\/\">2020<\/a><\/div><\/div><div class=\"w-post-elm post_content usg_post_content_1\">Despertar-me quan no dormo inclou una cinquantena d\u2019aproximacions de sonet Miquel Desclot, guanyador de l\u2019\u00faltim premi Carles Riba, no publicava cap llibre de poesia des del 2006, quan va apar\u00e8ixer\u00a0Fantasies,&hellip;<\/div>\t\t<\/div>\r\n\t\t\t<\/article>\r\n\t<article class=\"w-grid-item size_1x1 post-6881 post type-post status-publish format-standard has-post-thumbnail hentry category-51\" data-id=\"6881\">\r\n\t\t<div class=\"w-grid-item-h\">\r\n\t\t\t\t\t\t<div class=\"w-post-elm post_image usg_post_image_1 stretched\"><a href=\"https:\/\/nitsculturals.cat\/nitsculturals\/lateneu-barcelones-reconeix-mirna-lacambra-amb-el-premi-ateneu-2020\/\" aria-label=\"L&#8217;Ateneu Barcelon\u00e8s reconeix Mirna Lacambra amb el Premi Ateneu 2020\"><img loading=\"lazy\" decoding=\"async\" width=\"600\" height=\"400\" src=\"https:\/\/nitsculturals.cat\/nitsculturals\/wp-content\/uploads\/2020\/12\/lacambra-2-600x400.jpg\" class=\"attachment-us_600_400_crop size-us_600_400_crop wp-post-image\" alt=\"\" srcset=\"https:\/\/nitsculturals.cat\/nitsculturals\/wp-content\/uploads\/2020\/12\/lacambra-2-600x400.jpg 600w, https:\/\/nitsculturals.cat\/nitsculturals\/wp-content\/uploads\/2020\/12\/lacambra-2-300x200.jpg 300w, https:\/\/nitsculturals.cat\/nitsculturals\/wp-content\/uploads\/2020\/12\/lacambra-2-1024x683.jpg 1024w, https:\/\/nitsculturals.cat\/nitsculturals\/wp-content\/uploads\/2020\/12\/lacambra-2-768x512.jpg 768w, https:\/\/nitsculturals.cat\/nitsculturals\/wp-content\/uploads\/2020\/12\/lacambra-2.jpg 1200w\" sizes=\"auto, (max-width: 600px) 100vw, 600px\" \/><\/a><\/div><h2 class=\"w-post-elm post_title usg_post_title_1 entry-title color_link_inherit\"><a href=\"https:\/\/nitsculturals.cat\/nitsculturals\/lateneu-barcelones-reconeix-mirna-lacambra-amb-el-premi-ateneu-2020\/\">L&#8217;Ateneu Barcelon\u00e8s reconeix Mirna Lacambra amb el Premi Ateneu 2020<\/a><\/h2><div class=\"w-hwrapper usg_hwrapper_1 has_text_color align_left valign_top wrap\"><time class=\"w-post-elm post_date usg_post_date_1 entry-date published\" datetime=\"2020-12-03T17:11:00+01:00\"><i class=\"far fa-clock\"><\/i>3 de diciembre de 2020<\/time><div class=\"w-post-elm post_taxonomy usg_post_taxonomy_1 style_simple color_link_inherit\"><i class=\"far fa-folder-open\"><\/i><a class=\"term-51 term-2020\" href=\"https:\/\/nitsculturals.cat\/nitsculturals\/category\/2020\/\">2020<\/a><\/div><\/div><div class=\"w-post-elm post_content usg_post_content_1\">El IV Premis Ateneu Barcelon\u00e8s, de reconeixement a la traject\u00f2ria vital i professional, han guardonat enguany&nbsp;Mirna Lacambra i Dom\u00e8nech. La presidenta de l&#8217;Associaci\u00f3 d&#8217;Amics de l&#8217;\u00d2pera de Sabadell&nbsp;ha&nbsp;rebut el premi&hellip;<\/div>\t\t<\/div>\r\n\t\t\t<\/article>\r\n<\/div><div class=\"w-grid-carousel-json hidden\" onclick='return {&quot;carousel_settings&quot;:{&quot;aria_labels&quot;:{&quot;prev&quot;:&quot;Anterior&quot;,&quot;next&quot;:&quot;Siguiente&quot;},&quot;autoplayContinual&quot;:false,&quot;autoplayHoverPause&quot;:false,&quot;autoplayTimeout&quot;:3000,&quot;autoWidth&quot;:false,&quot;smartSpeed&quot;:350,&quot;margin&quot;:0,&quot;mouseDrag&quot;:true,&quot;rtl&quot;:false,&quot;slideBy&quot;:&quot;1&quot;,&quot;touchDrag&quot;:true,&quot;slideTransition&quot;:&quot;&quot;,&quot;responsive&quot;:{&quot;0&quot;:{&quot;autoHeight&quot;:false,&quot;autoplay&quot;:true,&quot;autoWidth&quot;:false,&quot;center&quot;:false,&quot;dots&quot;:false,&quot;items&quot;:1,&quot;loop&quot;:true,&quot;nav&quot;:false,&quot;stagePadding&quot;:0,&quot;slideBy&quot;:&quot;1&quot;},&quot;601&quot;:{&quot;autoHeight&quot;:false,&quot;autoplay&quot;:true,&quot;autoWidth&quot;:false,&quot;center&quot;:false,&quot;dots&quot;:false,&quot;items&quot;:2,&quot;loop&quot;:true,&quot;nav&quot;:true,&quot;stagePadding&quot;:0,&quot;slideBy&quot;:&quot;1&quot;},&quot;1025&quot;:{&quot;autoHeight&quot;:false,&quot;autoplay&quot;:true,&quot;autoWidth&quot;:false,&quot;center&quot;:false,&quot;dots&quot;:false,&quot;items&quot;:3,&quot;loop&quot;:true,&quot;nav&quot;:true,&quot;stagePadding&quot;:0,&quot;slideBy&quot;:&quot;1&quot;},&quot;1281&quot;:{&quot;items&quot;:3,&quot;autoplay&quot;:false,&quot;center&quot;:false,&quot;dots&quot;:false,&quot;nav&quot;:true,&quot;autoHeight&quot;:false,&quot;autoWidth&quot;:false,&quot;loop&quot;:true,&quot;stagePadding&quot;:0}}}}'><\/div><\/div><\/div><\/div><\/div><\/div><\/div><\/section><section class=\"l-section wpb_row height_auto width_full color_alternate\" id=\"second\"><div class=\"l-section-h i-cf\"><div class=\"g-cols vc_row via_flex valign_middle type_default stacking_default\"><div class=\"vc_col-sm-3 wpb_column vc_column_container\"><div class=\"vc_column-inner\"><div class=\"wpb_wrapper\"><h2 class=\"w-itext us_custom_ff564d34 type_zoomInChars align_center dynamic_bold\" onclick='return {&quot;duration&quot;:50,&quot;delay&quot;:5000,&quot;disablePartAnimation&quot;:false,&quot;dynamicColor&quot;:&quot;#dd9933&quot;,&quot;html_nbsp_char&quot;:true}'>Fotografies\u00a0per\u00a0<span class=\"w-itext-part changesat_0 changesat_1 changesat_2 dynamic\" style=\"color:#dd9933\" onclick='return [&quot;viure&quot;,&quot;recordar&quot;,&quot;disfrutar&quot;]'><span>viure<\/span><\/span><\/h2><div class=\"w-btn-wrapper align_center\"><a class=\"w-btn us-btn-style_5 icon_atleft\" title=\"Fotografies\" href=\"http:\/\/nitsculturals.cat\/nitsculturals\/fotografies-2\/\"><i class=\"fas fa-arrow-right\"><\/i><span class=\"w-btn-label\">Totes les fotografies<\/span><\/a><\/div><\/div><\/div><\/div><div class=\"vc_col-sm-3 wpb_column vc_column_container\"><div class=\"vc_column-inner us_custom_7d5e32d4\"><div class=\"wpb_wrapper\"><div class=\"w-ibanner us_custom_b5dcc6f9 has_text_color animation_phorcys ratio_1x1 easing_ease\"><a title=\"2018\" href=\"http:\/\/nitsculturals.cat\/nitsculturals\/fotografies-2\/#2024\" aria-label=\"2024\"><\/a><div class=\"w-ibanner-h\"><div class=\"w-ibanner-image\" style=\"background-image: url(https:\/\/nitsculturals.cat\/nitsculturals\/wp-content\/uploads\/2024\/07\/Nits-dissabte-24_060-copia-600x600.jpg)\"><\/div><div class=\"w-ibanner-content\"><div class=\"w-ibanner-content-h\"><h2 class=\"w-ibanner-title\">2024<\/h2><div class=\"w-ibanner-desc\"><p>27ena edici\u00f3<\/p>\n<\/div><\/div><\/div><\/div><\/div><\/div><\/div><\/div><div class=\"vc_col-sm-3 wpb_column vc_column_container\"><div class=\"vc_column-inner us_custom_7d5e32d4\"><div class=\"wpb_wrapper\"><div class=\"w-ibanner us_custom_b5dcc6f9 has_text_color animation_phorcys ratio_1x1 easing_ease\"><a title=\"2018\" href=\"http:\/\/nitsculturals.cat\/nitsculturals\/fotografies-2\/#2023\" aria-label=\"2023\"><\/a><div class=\"w-ibanner-h\"><div class=\"w-ibanner-image\" style=\"background-image: url(https:\/\/nitsculturals.cat\/nitsculturals\/wp-content\/uploads\/2023\/07\/DSC0495-600x600.jpg)\"><\/div><div class=\"w-ibanner-content\"><div class=\"w-ibanner-content-h\"><h2 class=\"w-ibanner-title\">2023<\/h2><div class=\"w-ibanner-desc\"><p>26ena edici\u00f3<\/p>\n<\/div><\/div><\/div><\/div><\/div><\/div><\/div><\/div><div class=\"vc_col-sm-3 wpb_column vc_column_container\"><div class=\"vc_column-inner us_custom_7d5e32d4\"><div class=\"wpb_wrapper\"><div class=\"w-ibanner us_custom_b5dcc6f9 has_text_color animation_phorcys ratio_1x1 easing_ease\"><a title=\"2022\" href=\"http:\/\/nitsculturals.cat\/nitsculturals\/fotografies-2\/#2022\" aria-label=\"2022\"><\/a><div class=\"w-ibanner-h\"><div class=\"w-ibanner-image\" style=\"background-image: url(https:\/\/nitsculturals.cat\/nitsculturals\/wp-content\/uploads\/2022\/07\/DSC0401-600x600.jpg)\"><\/div><div class=\"w-ibanner-content\"><div class=\"w-ibanner-content-h\"><h2 class=\"w-ibanner-title\">2022<\/h2><div class=\"w-ibanner-desc\"><p>25ena edici\u00f3<\/p>\n<\/div><\/div><\/div><\/div><\/div><\/div><\/div><\/div><\/div><\/div><\/section><section class=\"l-section wpb_row us_custom_e11ab399 height_medium\" id=\"third\"><div class=\"l-section-h i-cf\"><div class=\"g-cols vc_row via_flex valign_top type_default stacking_default\"><div class=\"vc_col-sm-12 wpb_column vc_column_container align_center\"><div class=\"vc_column-inner\"><div class=\"wpb_wrapper\">[vc_custom_heading text=\u00bbVideos\u00bb use_theme_fonts=\u00bbyes\u00bb]<div class=\"g-cols wpb_row via_flex valign_top type_default stacking_default\"><div class=\"vc_col-sm-6 wpb_column vc_column_container\"><div class=\"vc_column-inner\"><div class=\"wpb_wrapper\">[vc_custom_heading text=\u00bbEdici\u00f3 2019&#8243; font_container=\u00bbtag:h4|text_align:left\u00bb]<div class=\"w-video align_none ratio_16x9 has_iframe\"><div class=\"w-video-h\"><iframe title=\"Youtube video player\" src=\"\/\/www.youtube.com\/embed\/Hy-jfKIPS2A?autoplay=0&controls=1&origin=https:\/\/nitsculturals.cat\/nitsculturals&loop=0&mute=0\" allowfullscreen=\"1\" loading=\"lazy\"><\/iframe><\/div><\/div><div class=\"w-separator size_small\"><\/div>[vc_custom_heading text=\u00bbEdici\u00f3 2017&#8243; font_container=\u00bbtag:h4|text_align:left\u00bb]<div class=\"w-video align_none ratio_16x9 has_iframe\"><div class=\"w-video-h\"><iframe title=\"Youtube video player\" src=\"\/\/www.youtube.com\/embed\/bi8_zrEvcWY?autoplay=0&controls=1&origin=https:\/\/nitsculturals.cat\/nitsculturals&loop=0&mute=0\" allowfullscreen=\"1\" loading=\"lazy\"><\/iframe><\/div><\/div><\/div><\/div><\/div><div class=\"vc_col-sm-6 wpb_column vc_column_container\"><div class=\"vc_column-inner\"><div class=\"wpb_wrapper\">[vc_custom_heading text=\u00bbEdici\u00f3 2018&#8243; font_container=\u00bbtag:h4|text_align:left\u00bb]<div class=\"w-video align_none ratio_16x9 has_iframe\"><div class=\"w-video-h\"><iframe title=\"Youtube video player\" src=\"\/\/www.youtube.com\/embed\/VmHliAA4-c8?autoplay=0&controls=1&origin=https:\/\/nitsculturals.cat\/nitsculturals&loop=0&mute=0\" allowfullscreen=\"1\" loading=\"lazy\"><\/iframe><\/div><\/div><\/div><\/div><\/div><\/div><div class=\"w-separator size_small with_line width_default thick_1 style_solid color_border align_center\"><div class=\"w-separator-h\"><\/div><\/div><\/div><\/div><\/div><\/div><\/div><\/section><section class=\"l-section wpb_row height_small\"><div class=\"l-section-h i-cf\"><div class=\"g-cols vc_row via_flex valign_top type_default stacking_default\"><div class=\"vc_col-sm-12 wpb_column vc_column_container align_center\"><div class=\"vc_column-inner\"><div class=\"wpb_wrapper\">[vc_custom_heading text=\u00bbPatrocinadors\u00bb font_container=\u00bbtag:h2|text_align:center\u00bb use_theme_fonts=\u00bbyes\u00bb]<div class=\"w-grid us_post_list apply_url_params type_grid layout_6582 cols_3 valign_center preload_style_spinner\" id=\"us_post_list_u14b\" style=\"--columns:3;--gap:1.5rem;\"><style>@media (max-width:1024px){#us_post_list_u14b{--columns:2!important}}@media (max-width:600px){#us_post_list_u14b{--columns:1!important}}.layout_6582 .w-grid-item-h{}.layout_6582 .usg_post_image_1{border-radius:0.3rem!important}<\/style><div class=\"w-grid-list\">\t<article class=\"w-grid-item size_1x1 post-6478 attachment type-attachment status-inherit hentry\" data-id=\"6478\">\r\n\t\t<div class=\"w-grid-item-h\">\r\n\t\t\t\t\t\t<div class=\"w-post-elm post_image usg_post_image_1\"><a target=\"_blank\" rel=\"nofollow\" href=\"https:\/\/www.diba.cat\/\" aria-label=\"DB horitzontal negre\"><img loading=\"lazy\" decoding=\"async\" width=\"300\" height=\"97\" src=\"https:\/\/nitsculturals.cat\/nitsculturals\/wp-content\/uploads\/2018\/07\/DB-horitzontal-negre-300x97.jpg\" class=\"attachment-medium size-medium\" alt=\"\" srcset=\"https:\/\/nitsculturals.cat\/nitsculturals\/wp-content\/uploads\/2018\/07\/DB-horitzontal-negre-300x97.jpg 300w, https:\/\/nitsculturals.cat\/nitsculturals\/wp-content\/uploads\/2018\/07\/DB-horitzontal-negre.jpg 537w\" sizes=\"auto, (max-width: 300px) 100vw, 300px\" \/><\/a><\/div>\t\t<\/div>\r\n\t\t\t<\/article>\r\n\t<article class=\"w-grid-item size_1x1 post-6421 attachment type-attachment status-inherit hentry\" data-id=\"6421\">\r\n\t\t<div class=\"w-grid-item-h\">\r\n\t\t\t\t\t\t<div class=\"w-post-elm post_image usg_post_image_1\"><a target=\"_blank\" rel=\"nofollow\" href=\"http:\/\/calafgrup.com\/es\/c\/inici-3\" aria-label=\"calaf-300&#215;300\"><img loading=\"lazy\" decoding=\"async\" width=\"300\" height=\"300\" src=\"https:\/\/nitsculturals.cat\/nitsculturals\/wp-content\/uploads\/2018\/05\/calaf-300x300.jpg\" class=\"attachment-medium size-medium\" alt=\"\" srcset=\"https:\/\/nitsculturals.cat\/nitsculturals\/wp-content\/uploads\/2018\/05\/calaf-300x300.jpg 300w, https:\/\/nitsculturals.cat\/nitsculturals\/wp-content\/uploads\/2018\/05\/calaf-300x300-150x150.jpg 150w\" sizes=\"auto, (max-width: 300px) 100vw, 300px\" \/><\/a><\/div>\t\t<\/div>\r\n\t\t\t<\/article>\r\n\t<article class=\"w-grid-item size_1x1 post-3592 attachment type-attachment status-inherit hentry\" data-id=\"3592\">\r\n\t\t<div class=\"w-grid-item-h\">\r\n\t\t\t\t\t\t<div class=\"w-post-elm post_image usg_post_image_1\"><a target=\"_blank\" rel=\"nofollow\" href=\"http:\/\/www.sallavinera.cat\/\" aria-label=\"logos-nits-ajuntament-sant-pere\"><img loading=\"lazy\" decoding=\"async\" width=\"300\" height=\"300\" src=\"https:\/\/nitsculturals.cat\/nitsculturals\/wp-content\/uploads\/2017\/06\/logos-nits-ajuntament-sant-pere-300x300.jpg\" class=\"attachment-medium size-medium\" alt=\"\" srcset=\"https:\/\/nitsculturals.cat\/nitsculturals\/wp-content\/uploads\/2017\/06\/logos-nits-ajuntament-sant-pere-300x300.jpg 300w, https:\/\/nitsculturals.cat\/nitsculturals\/wp-content\/uploads\/2017\/06\/logos-nits-ajuntament-sant-pere-150x150.jpg 150w, https:\/\/nitsculturals.cat\/nitsculturals\/wp-content\/uploads\/2017\/06\/logos-nits-ajuntament-sant-pere-146x146.jpg 146w, https:\/\/nitsculturals.cat\/nitsculturals\/wp-content\/uploads\/2017\/06\/logos-nits-ajuntament-sant-pere-50x50.jpg 50w, https:\/\/nitsculturals.cat\/nitsculturals\/wp-content\/uploads\/2017\/06\/logos-nits-ajuntament-sant-pere-75x75.jpg 75w, https:\/\/nitsculturals.cat\/nitsculturals\/wp-content\/uploads\/2017\/06\/logos-nits-ajuntament-sant-pere-85x85.jpg 85w, https:\/\/nitsculturals.cat\/nitsculturals\/wp-content\/uploads\/2017\/06\/logos-nits-ajuntament-sant-pere-80x80.jpg 80w, https:\/\/nitsculturals.cat\/nitsculturals\/wp-content\/uploads\/2017\/06\/logos-nits-ajuntament-sant-pere.jpg 533w\" sizes=\"auto, (max-width: 300px) 100vw, 300px\" \/><\/a><\/div>\t\t<\/div>\r\n\t\t\t<\/article>\r\n<\/div><div class=\"g-loadmore hidden\"><div class=\"g-preloader type_1\"><div><\/div><\/div><\/div><div class=\"w-grid-list-json hidden\" onclick='return {&quot;max_num_pages&quot;:0,&quot;paginationBase&quot;:&quot;page&quot;,&quot;pagination&quot;:&quot;none&quot;,&quot;paged&quot;:1,&quot;ajaxData&quot;:{&quot;action&quot;:&quot;us_ajax_post_list&quot;,&quot;meta_type&quot;:&quot;post&quot;,&quot;object_id&quot;:0,&quot;template_vars&quot;:{&quot;shortcode_base&quot;:&quot;us_post_list&quot;,&quot;paged&quot;:1,&quot;max_num_pages&quot;:0,&quot;no_results&quot;:false,&quot;us_post_content_design_css&quot;:[],&quot;found_posts&quot;:0,&quot;items_count&quot;:3,&quot;source&quot;:&quot;media&quot;,&quot;ids&quot;:&quot;&quot;,&quot;post_type&quot;:&quot;&quot;,&quot;attachment_ids&quot;:&quot;3592,6478,6421&quot;,&quot;include_post_thumbnail&quot;:0,&quot;post_author&quot;:&quot;any&quot;,&quot;post_author_ids&quot;:&quot;&quot;,&quot;apply_url_params&quot;:&quot;1&quot;,&quot;ignore_sticky_posts&quot;:&quot;0&quot;,&quot;exclude_children&quot;:0,&quot;exclude_current_post&quot;:1,&quot;exclude_prev_posts&quot;:0,&quot;exclude_past_events&quot;:&quot;1&quot;,&quot;enable_items_offset&quot;:0,&quot;items_offset&quot;:&quot;1&quot;,&quot;tax_query_relation&quot;:&quot;none&quot;,&quot;tax_query&quot;:[{&quot;operator&quot;:&quot;IN&quot;,&quot;taxonomy&quot;:&quot;category&quot;,&quot;terms&quot;:&quot;&quot;,&quot;include_children&quot;:0}],&quot;meta_query_relation&quot;:&quot;none&quot;,&quot;meta_query&quot;:[{&quot;key&quot;:&quot;custom_field_name&quot;,&quot;compare&quot;:&quot;=&quot;,&quot;value&quot;:&quot;&quot;}],&quot;orderby&quot;:&quot;date&quot;,&quot;orderby_custom_field&quot;:&quot;&quot;,&quot;orderby_custom_type&quot;:0,&quot;order_invert&quot;:&quot;1&quot;,&quot;show_all&quot;:&quot;1&quot;,&quot;quantity&quot;:&quot;12&quot;,&quot;posts_per_archive_page&quot;:0,&quot;no_items_action&quot;:&quot;message&quot;,&quot;no_items_message&quot;:&quot;No se han encontrado resultados.&quot;,&quot;no_items_page_block&quot;:&quot;&quot;,&quot;pagination&quot;:&quot;none&quot;,&quot;pagination_style&quot;:&quot;&quot;,&quot;pagination_btn_text&quot;:&quot;Cargar m\\u00e1s&quot;,&quot;pagination_btn_size&quot;:&quot;&quot;,&quot;pagination_btn_style&quot;:&quot;1&quot;,&quot;pagination_btn_fullwidth&quot;:0,&quot;items_layout&quot;:&quot;6582&quot;,&quot;type&quot;:&quot;grid&quot;,&quot;items_valign&quot;:&quot;1&quot;,&quot;ignore_items_size&quot;:0,&quot;columns&quot;:&quot;3&quot;,&quot;items_gap&quot;:&quot;1.5rem&quot;,&quot;load_animation&quot;:&quot;none&quot;,&quot;items_preload_style&quot;:&quot;spinner&quot;,&quot;img_size&quot;:&quot;medium&quot;,&quot;title_size&quot;:&quot;&quot;,&quot;items_ratio&quot;:&quot;default&quot;,&quot;items_ratio_width&quot;:&quot;21&quot;,&quot;items_ratio_height&quot;:&quot;9&quot;,&quot;overriding_link&quot;:&quot;{\\&quot;url\\&quot;:\\&quot;\\&quot;}&quot;,&quot;popup_page_template&quot;:&quot;0&quot;,&quot;popup_width&quot;:&quot;&quot;,&quot;popup_arrows&quot;:1,&quot;breakpoint_1_width&quot;:&quot;1281px&quot;,&quot;breakpoint_1_cols&quot;:&quot;3&quot;,&quot;breakpoint_1_quantity&quot;:&quot;&quot;,&quot;breakpoint_1_gap&quot;:&quot;&quot;,&quot;breakpoint_2_width&quot;:&quot;1025px&quot;,&quot;breakpoint_2_cols&quot;:&quot;2&quot;,&quot;breakpoint_2_quantity&quot;:&quot;&quot;,&quot;breakpoint_2_gap&quot;:&quot;&quot;,&quot;breakpoint_3_width&quot;:&quot;601px&quot;,&quot;breakpoint_3_cols&quot;:&quot;1&quot;,&quot;breakpoint_3_quantity&quot;:&quot;&quot;,&quot;breakpoint_3_gap&quot;:&quot;&quot;,&quot;conditions_operator&quot;:&quot;always&quot;,&quot;conditions&quot;:[],&quot;css&quot;:null,&quot;el_class&quot;:&quot;&quot;,&quot;el_id&quot;:&quot;&quot;,&quot;enable_custom_html_atts&quot;:0,&quot;custom_html_atts&quot;:null,&quot;hide_on_states&quot;:&quot;&quot;,&quot;hide_for_sticky&quot;:0,&quot;hide_for_not_sticky&quot;:0,&quot;hide_below&quot;:&quot;0px&quot;,&quot;hide_above&quot;:&quot;0px&quot;,&quot;classes&quot;:&quot;&quot;},&quot;list_filters&quot;:&quot;[]&quot;},&quot;facetedFilter&quot;:{&quot;query_args_unfiltered&quot;:&quot;{\\&quot;ignore_sticky_posts\\&quot;:false,\\&quot;post__not_in\\&quot;:[],\\&quot;tax_query\\&quot;:[],\\&quot;meta_query\\&quot;:[],\\&quot;posts_per_page\\&quot;:999,\\&quot;paged\\&quot;:1,\\&quot;apply_list_url_params\\&quot;:true,\\&quot;post_type\\&quot;:\\&quot;attachment\\&quot;,\\&quot;no_found_rows\\&quot;:true,\\&quot;post_status\\&quot;:\\&quot;inherit\\&quot;,\\&quot;post_mime_type\\&quot;:\\&quot;image\\&quot;,\\&quot;post__in\\&quot;:[\\&quot;3592\\&quot;,\\&quot;6478\\&quot;,\\&quot;6421\\&quot;]}&quot;}}'><\/div><\/div><\/div><\/div><\/div><\/div><\/div><\/section>\n","protected":false},"excerpt":{"rendered":"","protected":false},"author":2,"featured_media":0,"parent":0,"menu_order":0,"comment_status":"closed","ping_status":"closed","template":"","meta":{"footnotes":""},"class_list":["post-5797","page","type-page","status-publish","hentry"],"_links":{"self":[{"href":"https:\/\/nitsculturals.cat\/nitsculturals\/wp-json\/wp\/v2\/pages\/5797","targetHints":{"allow":["GET"]}}],"collection":[{"href":"https:\/\/nitsculturals.cat\/nitsculturals\/wp-json\/wp\/v2\/pages"}],"about":[{"href":"https:\/\/nitsculturals.cat\/nitsculturals\/wp-json\/wp\/v2\/types\/page"}],"author":[{"embeddable":true,"href":"https:\/\/nitsculturals.cat\/nitsculturals\/wp-json\/wp\/v2\/users\/2"}],"replies":[{"embeddable":true,"href":"https:\/\/nitsculturals.cat\/nitsculturals\/wp-json\/wp\/v2\/comments?post=5797"}],"version-history":[{"count":258,"href":"https:\/\/nitsculturals.cat\/nitsculturals\/wp-json\/wp\/v2\/pages\/5797\/revisions"}],"predecessor-version":[{"id":7382,"href":"https:\/\/nitsculturals.cat\/nitsculturals\/wp-json\/wp\/v2\/pages\/5797\/revisions\/7382"}],"wp:attachment":[{"href":"https:\/\/nitsculturals.cat\/nitsculturals\/wp-json\/wp\/v2\/media?parent=5797"}],"curies":[{"name":"wp","href":"https:\/\/api.w.org\/{rel}","templated":true}]}}